{"id":3144,"date":"2019-01-02T13:26:51","date_gmt":"2019-01-02T12:26:51","guid":{"rendered":"https:\/\/feuerwehr-holdorf.de\/?page_id=3144"},"modified":"2025-12-18T21:22:02","modified_gmt":"2025-12-18T20:22:02","slug":"einsaetze-ff-holdorf-2019","status":"publish","type":"page","link":"https:\/\/feuerwehr-holdorf.de\/?page_id=3144","title":{"rendered":"Eins\u00e4tze FF Holdorf 2019"},"content":{"rendered":"\n<table id=\"tablepress-28\" class=\"tablepress tablepress-id-28\">\n<thead>\n<tr class=\"row-1\">\n\t<th class=\"column-1\">Nr.<\/th><th class=\"column-2\">Datum<\/th><th class=\"column-3\">Zeit<\/th><th class=\"column-4\">Art<\/th><th class=\"column-5\">Einsatz<\/th>\n<\/tr>\n<\/thead>\n<tbody class=\"row-striping row-hover\">\n<tr class=\"row-2\">\n\t<td class=\"column-1\">01<\/td><td class=\"column-2\">11.01.2019<\/td><td class=\"column-3\">14:14<\/td><td class=\"column-4\">TH<\/td><td class=\"column-5\"><a href=\"https:\/\/feuerwehr-holdorf.de\/?p=3158\">Verkehrsunfall, B214<\/a><\/td>\n<\/tr>\n<tr class=\"row-3\">\n\t<td class=\"column-1\">02<\/td><td class=\"column-2\">17.02.2019<\/td><td class=\"column-3\">13:53<\/td><td class=\"column-4\">Brand<\/td><td class=\"column-5\">Rauchentwicklung (Ausdampfen von Holzhackschnitzel), Grenzweg<\/td>\n<\/tr>\n<tr class=\"row-4\">\n\t<td class=\"column-1\">03<\/td><td class=\"column-2\">17.02.2019<\/td><td class=\"column-3\">18:30<\/td><td class=\"column-4\">Brand<\/td><td class=\"column-5\">Nachkontrolle (Messen mit Lanze), Grenzweg<\/td>\n<\/tr>\n<tr class=\"row-5\">\n\t<td class=\"column-1\">04<\/td><td class=\"column-2\">18.02.2019<\/td><td class=\"column-3\">09:30<\/td><td class=\"column-4\">Brand<\/td><td class=\"column-5\">Garagenbrand, Im Tiefengrund<\/td>\n<\/tr>\n<tr class=\"row-6\">\n\t<td class=\"column-1\">05<\/td><td class=\"column-2\">09.03.2019<\/td><td class=\"column-3\">17:41<\/td><td class=\"column-4\">TH<\/td><td class=\"column-5\">Ast droht auf Fahrbahn zu fallen, Am Stadion<\/td>\n<\/tr>\n<tr class=\"row-7\">\n\t<td class=\"column-1\">06<\/td><td class=\"column-2\">17.03.2019<\/td><td class=\"column-3\">04:12<\/td><td class=\"column-4\">TH<\/td><td class=\"column-5\">Unterst\u00fctzung f\u00fcr Polizei, Zum Hansa Center<\/td>\n<\/tr>\n<tr class=\"row-8\">\n\t<td class=\"column-1\">07<\/td><td class=\"column-2\">21.03.2019<\/td><td class=\"column-3\">15:58<\/td><td class=\"column-4\">Fehl<\/td><td class=\"column-5\">Brandmeldeanlage, Industriegebiet <\/td>\n<\/tr>\n<tr class=\"row-9\">\n\t<td class=\"column-1\">08<\/td><td class=\"column-2\">26.03.2019<\/td><td class=\"column-3\">21:30<\/td><td class=\"column-4\">Brand<\/td><td class=\"column-5\">Schmorbrand - ausgel\u00f6ste Brandmeldeanlage, Industriegebiet<\/td>\n<\/tr>\n<tr class=\"row-10\">\n\t<td class=\"column-1\">09<\/td><td class=\"column-2\">28.03.2019<\/td><td class=\"column-3\">16:13<\/td><td class=\"column-4\">TH<\/td><td class=\"column-5\"><a href=\"https:\/\/feuerwehr-holdorf.de\/?p=3236\">schwerer Verkehrsunfall, A1 Rtg. Bremen<\/a><\/td>\n<\/tr>\n<tr class=\"row-11\">\n\t<td class=\"column-1\">10<\/td><td class=\"column-2\">18.04.2019<\/td><td class=\"column-3\">11:05<\/td><td class=\"column-4\">Brand<\/td><td class=\"column-5\">Brand einer Freifl\u00e4che, An der Bundesstra\u00dfe<\/td>\n<\/tr>\n<tr class=\"row-12\">\n\t<td class=\"column-1\">11<\/td><td class=\"column-2\">20.04.2019<\/td><td class=\"column-3\">17:45<\/td><td class=\"column-4\">BSW<\/td><td class=\"column-5\">Brandsicherheitswache, Osterfeuer (Industriegebiet)<\/td>\n<\/tr>\n<tr class=\"row-13\">\n\t<td class=\"column-1\">12<\/td><td class=\"column-2\">20.04.2019<\/td><td class=\"column-3\">18:15<\/td><td class=\"column-4\">Fehl<\/td><td class=\"column-5\">Gemeldeter Brand im Industriegebiet <\/td>\n<\/tr>\n<tr class=\"row-14\">\n\t<td class=\"column-1\">13<\/td><td class=\"column-2\">23.04.2019<\/td><td class=\"column-3\">09:46<\/td><td class=\"column-4\">TH<\/td><td class=\"column-5\"><a href=\"https:\/\/feuerwehr-holdorf.de\/?p=3345\">G\u00fclle auf Fahrbahn, B214<\/a><\/td>\n<\/tr>\n<tr class=\"row-15\">\n\t<td class=\"column-1\">14<\/td><td class=\"column-2\">23.04.2019<\/td><td class=\"column-3\">15:40<\/td><td class=\"column-4\">Brand<\/td><td class=\"column-5\">Brand im Mittelstreifen der Autobahn, A1 Rtg. Bremen<\/td>\n<\/tr>\n<tr class=\"row-16\">\n\t<td class=\"column-1\">15<\/td><td class=\"column-2\">25.04.2019<\/td><td class=\"column-3\">13:00<\/td><td class=\"column-4\">Brand<\/td><td class=\"column-5\"><a href=\"https:\/\/feuerwehr-holdorf.de\/?p=3359\">Nachbarschaftliche L\u00f6schhilfe, Moorbrand in Goldenstedt<\/a><\/td>\n<\/tr>\n<tr class=\"row-17\">\n\t<td class=\"column-1\">16<\/td><td class=\"column-2\">27.04.2019<\/td><td class=\"column-3\">22:10<\/td><td class=\"column-4\">TH<\/td><td class=\"column-5\"><a href=\"https:\/\/feuerwehr-holdorf.de\/?p=3371\">Schwerer Verkehrsunfall - LKW vs Trecker, Kreuzung B214 - Hansa Center<\/a><\/td>\n<\/tr>\n<tr class=\"row-18\">\n\t<td class=\"column-1\">17<\/td><td class=\"column-2\">04.05.2019<\/td><td class=\"column-3\">08:58<\/td><td class=\"column-4\">TH<\/td><td class=\"column-5\"><a href=\"https:\/\/feuerwehr-holdorf.de\/?p=3376\">G\u00fclle auf Fahrbahn, Ihorst<\/a><\/td>\n<\/tr>\n<tr class=\"row-19\">\n\t<td class=\"column-1\">18<\/td><td class=\"column-2\">08.05.2019<\/td><td class=\"column-3\">11:44<\/td><td class=\"column-4\">TH<\/td><td class=\"column-5\"><a href=\"https:\/\/feuerwehr-holdorf.de\/?p=3400\">schwerer Verkehrsunfall mit LKW, A1 Rtg. Bremen<\/a><\/td>\n<\/tr>\n<tr class=\"row-20\">\n\t<td class=\"column-1\">19<\/td><td class=\"column-2\">10.05.2019<\/td><td class=\"column-3\">11:15<\/td><td class=\"column-4\">TH<\/td><td class=\"column-5\">Absicherung Spendenlauf der Georg-Kerschensteiner-Schule<\/td>\n<\/tr>\n<tr class=\"row-21\">\n\t<td class=\"column-1\">20<\/td><td class=\"column-2\">11.05.2019<\/td><td class=\"column-3\">13:52<\/td><td class=\"column-4\">Brand<\/td><td class=\"column-5\"><a href=\"https:\/\/feuerwehr-holdorf.de\/?p=3469\">Gro\u00dfbrand im Industriegebiet, Industriestrasse<\/a><\/td>\n<\/tr>\n<tr class=\"row-22\">\n\t<td class=\"column-1\">21<\/td><td class=\"column-2\">12.05.2019<\/td><td class=\"column-3\">13:15<\/td><td class=\"column-4\">TH<\/td><td class=\"column-5\">Absicherung Sch\u00fctzenfestumzug, Fladderlohausen<\/td>\n<\/tr>\n<tr class=\"row-23\">\n\t<td class=\"column-1\">22<\/td><td class=\"column-2\">13.05.2019<\/td><td class=\"column-3\">14:15<\/td><td class=\"column-4\">TH<\/td><td class=\"column-5\">Absicherung Sch\u00fctzenfestumzug, Fladderlohausen<\/td>\n<\/tr>\n<tr class=\"row-24\">\n\t<td class=\"column-1\">23<\/td><td class=\"column-2\">15.05.2019<\/td><td class=\"column-3\">14:47<\/td><td class=\"column-4\">TH<\/td><td class=\"column-5\">Auslaufende Betriebsstoffe, Ihorst<\/td>\n<\/tr>\n<tr class=\"row-25\">\n\t<td class=\"column-1\">24<\/td><td class=\"column-2\">21.05.2019<\/td><td class=\"column-3\">17:02<\/td><td class=\"column-4\">TH<\/td><td class=\"column-5\">Unfall mit Zug, Bahn\u00fcbergang Heideweg<\/td>\n<\/tr>\n<tr class=\"row-26\">\n\t<td class=\"column-1\">25<\/td><td class=\"column-2\">28.05.2019<\/td><td class=\"column-3\">21:13<\/td><td class=\"column-4\">Brand<\/td><td class=\"column-5\">Illegales Feuer im Wald, Ihorst<\/td>\n<\/tr>\n<tr class=\"row-27\">\n\t<td class=\"column-1\">26<\/td><td class=\"column-2\">08.06.2019<\/td><td class=\"column-3\">13:00<\/td><td class=\"column-4\">TH<\/td><td class=\"column-5\">Absicherung Sch\u00fctzenfestumzug, Handorf-Langenberg<\/td>\n<\/tr>\n<tr class=\"row-28\">\n\t<td class=\"column-1\">27<\/td><td class=\"column-2\">09.06.2019<\/td><td class=\"column-3\">13:30<\/td><td class=\"column-4\">TH<\/td><td class=\"column-5\">Absicherung Sch\u00fctzenfestumzug, Handorf-Langenberg<\/td>\n<\/tr>\n<tr class=\"row-29\">\n\t<td class=\"column-1\">28<\/td><td class=\"column-2\">14.06.2019<\/td><td class=\"column-3\">06:17<\/td><td class=\"column-4\">TH<\/td><td class=\"column-5\">Gemeldeter Zusammensto\u00df zwischen Zug und einer Person, Grandorf<\/td>\n<\/tr>\n<tr class=\"row-30\">\n\t<td class=\"column-1\">29<\/td><td class=\"column-2\">22.06.2019<\/td><td class=\"column-3\">17:45<\/td><td class=\"column-4\">TH<\/td><td class=\"column-5\">Absicherung Fronleichnams-Prozession<\/td>\n<\/tr>\n<tr class=\"row-31\">\n\t<td class=\"column-1\">30<\/td><td class=\"column-2\">30.06.2019<\/td><td class=\"column-3\">03:07<\/td><td class=\"column-4\">TH<\/td><td class=\"column-5\"><a href=\"https:\/\/feuerwehr-holdorf.de\/?p=3544\">Verkehrsunfall mit eingeklemmter Person, Industriestrasse<\/a><\/td>\n<\/tr>\n<tr class=\"row-32\">\n\t<td class=\"column-1\">31<\/td><td class=\"column-2\">02.07.2019<\/td><td class=\"column-3\">09:51<\/td><td class=\"column-4\">Brand<\/td><td class=\"column-5\"><a href=\"https:\/\/feuerwehr-holdorf.de\/?p=3548\">PKW-Brand, A1 KM198,00 (Parkplatz) \/ Rtg. OS<\/a><\/td>\n<\/tr>\n<tr class=\"row-33\">\n\t<td class=\"column-1\">32<\/td><td class=\"column-2\">03.07.2019<\/td><td class=\"column-3\">09:08<\/td><td class=\"column-4\">Brand<\/td><td class=\"column-5\">Fl\u00e4chenbrand, Parkplatz A1, Rtg. Osnabr\u00fcck<\/td>\n<\/tr>\n<tr class=\"row-34\">\n\t<td class=\"column-1\">33<\/td><td class=\"column-2\">03.07.2019<\/td><td class=\"column-3\">13:56<\/td><td class=\"column-4\">Brand<\/td><td class=\"column-5\"><a href=\"https:\/\/feuerwehr-holdorf.de\/?p=3564\">Nachbarschaftliche L\u00f6schhilfe \/ VU mit anschlie\u00dfendem Fl\u00e4chenbrand, B214 (Gehrde)<\/a><\/td>\n<\/tr>\n<tr class=\"row-35\">\n\t<td class=\"column-1\">34<\/td><td class=\"column-2\">09.07.2019<\/td><td class=\"column-3\">23:59<\/td><td class=\"column-4\">Brand<\/td><td class=\"column-5\"><a href=\"https:\/\/feuerwehr-holdorf.de\/?p=3574\">Carportbrand, Gro\u00dfe Stra\u00dfe<\/a><\/td>\n<\/tr>\n<tr class=\"row-36\">\n\t<td class=\"column-1\">35<\/td><td class=\"column-2\">16.07.2019<\/td><td class=\"column-3\">11:13<\/td><td class=\"column-4\">TH<\/td><td class=\"column-5\">Leblose Person in Fahrzeug, Zum Hansa Center<\/td>\n<\/tr>\n<tr class=\"row-37\">\n\t<td class=\"column-1\">36<\/td><td class=\"column-2\">21.07.2019<\/td><td class=\"column-3\">09:30<\/td><td class=\"column-4\">TH<\/td><td class=\"column-5\">Absicherung Volkslauf, Handorf-Langenberg<\/td>\n<\/tr>\n<tr class=\"row-38\">\n\t<td class=\"column-1\">37<\/td><td class=\"column-2\">22.07.2019<\/td><td class=\"column-3\">18:08<\/td><td class=\"column-4\">Brand<\/td><td class=\"column-5\"><a href=\"https:\/\/feuerwehr-holdorf.de\/?p=3662\">Fl\u00e4chenbrand, Dammer Strasse<\/a><\/td>\n<\/tr>\n<tr class=\"row-39\">\n\t<td class=\"column-1\">38<\/td><td class=\"column-2\">23.07.2019<\/td><td class=\"column-3\">16:09<\/td><td class=\"column-4\">Brand<\/td><td class=\"column-5\"><a href=\"https:\/\/feuerwehr-holdorf.de\/?p=3682\">Fl\u00e4chenbrand, Steinfeld Damm (Handorf-Langenberg)<\/a><\/td>\n<\/tr>\n<tr class=\"row-40\">\n\t<td class=\"column-1\">39<\/td><td class=\"column-2\">23.07.2019<\/td><td class=\"column-3\">18:04<\/td><td class=\"column-4\">Brand<\/td><td class=\"column-5\"><a href=\"https:\/\/feuerwehr-holdorf.de\/?p=3682\">Waldbrand im Muna-Gel\u00e4nde, Scheelenhorst<\/a><\/td>\n<\/tr>\n<tr class=\"row-41\">\n\t<td class=\"column-1\">40<\/td><td class=\"column-2\">24.07.2019<\/td><td class=\"column-3\">10:30<\/td><td class=\"column-4\">Brand<\/td><td class=\"column-5\"><a href=\"https:\/\/feuerwehr-holdorf.de\/?p=3697\">Erneuter Waldbrand alte Brandstelle, Muna-Gel\u00e4nde<\/a><\/td>\n<\/tr>\n<tr class=\"row-42\">\n\t<td class=\"column-1\">41<\/td><td class=\"column-2\">24.07.2019<\/td><td class=\"column-3\">17:24<\/td><td class=\"column-4\">Brand<\/td><td class=\"column-5\"><a href=\"https:\/\/feuerwehr-holdorf.de\/?p=3700\">Nachbarschaftliche L\u00f6schhilfe Fl\u00e4chenbrand, Schwege (Dinklage)<\/a><\/td>\n<\/tr>\n<tr class=\"row-43\">\n\t<td class=\"column-1\">42<\/td><td class=\"column-2\">24.07.2019<\/td><td class=\"column-3\">20:15<\/td><td class=\"column-4\">Brand<\/td><td class=\"column-5\"><a href=\"https:\/\/feuerwehr-holdorf.de\/?p=3697\">Kontrolle alte Brandstelle, Muna-Gel\u00e4nde<\/a><\/td>\n<\/tr>\n<tr class=\"row-44\">\n\t<td class=\"column-1\">43<\/td><td class=\"column-2\">26.07.2019<\/td><td class=\"column-3\">14:09<\/td><td class=\"column-4\">Brand<\/td><td class=\"column-5\"><a href=\"https:\/\/feuerwehr-holdorf.de\/?p=3732\">Nachbarschaftliche L\u00f6schhilfe Fl\u00e4chenbrand, Neuenkirchen<\/a><\/td>\n<\/tr>\n<tr class=\"row-45\">\n\t<td class=\"column-1\">44<\/td><td class=\"column-2\">26.07.2019<\/td><td class=\"column-3\">17:20<\/td><td class=\"column-4\">Brand<\/td><td class=\"column-5\"><a href=\"https:\/\/feuerwehr-holdorf.de\/?p=3735\">Erneuter Waldbrand alte Brandstelle, Muna-Gel\u00e4nde<\/a><\/td>\n<\/tr>\n<tr class=\"row-46\">\n\t<td class=\"column-1\">45<\/td><td class=\"column-2\">28.07.2019<\/td><td class=\"column-3\">00:30<\/td><td class=\"column-4\">Brand<\/td><td class=\"column-5\"><a href=\"https:\/\/feuerwehr-holdorf.de\/?p=3747\">Nachbarschaftliche L\u00f6schhilfe Scheunenbrand, H\u00f6rsten (V\u00f6rden)<\/a><\/td>\n<\/tr>\n<tr class=\"row-47\">\n\t<td class=\"column-1\">46<\/td><td class=\"column-2\">28.07.2019<\/td><td class=\"column-3\">10:08<\/td><td class=\"column-4\">Brand<\/td><td class=\"column-5\"><a href=\"https:\/\/feuerwehr-holdorf.de\/?p=3758\">PKW-Brand, A1 KM198,00 (Parkplatz) \/ Rtg. OS<\/a><\/td>\n<\/tr>\n<tr class=\"row-48\">\n\t<td class=\"column-1\">47<\/td><td class=\"column-2\">29.07.2019<\/td><td class=\"column-3\">19:30<\/td><td class=\"column-4\">Brand<\/td><td class=\"column-5\">Kontrolle alte Brandstelle, Muna-Gel\u00e4nde (ohne Erkenntnisse)<\/td>\n<\/tr>\n<tr class=\"row-49\">\n\t<td class=\"column-1\">48<\/td><td class=\"column-2\">04.08.2019<\/td><td class=\"column-3\">14:58<\/td><td class=\"column-4\">TH<\/td><td class=\"column-5\">umgest\u00fcrzter Baum auf Telefonleitung, Ihorst<\/td>\n<\/tr>\n<tr class=\"row-50\">\n\t<td class=\"column-1\">49<\/td><td class=\"column-2\">07.08.2019<\/td><td class=\"column-3\">14:51<\/td><td class=\"column-4\">TH<\/td><td class=\"column-5\">T\u00fcr\u00f6ffnung, Dinklager Strasse<\/td>\n<\/tr>\n<tr class=\"row-51\">\n\t<td class=\"column-1\">50<\/td><td class=\"column-2\">09.08.2019<\/td><td class=\"column-3\">18:48<\/td><td class=\"column-4\">TH<\/td><td class=\"column-5\">Austritt von \u00d6l, Bergstrasse<\/td>\n<\/tr>\n<tr class=\"row-52\">\n\t<td class=\"column-1\">51<\/td><td class=\"column-2\">09.08.2019<\/td><td class=\"column-3\">19:42<\/td><td class=\"column-4\">TH<\/td><td class=\"column-5\">\u00d6lspur, B214 bis Langenberg<\/td>\n<\/tr>\n<tr class=\"row-53\">\n\t<td class=\"column-1\">52<\/td><td class=\"column-2\">15.08.2019<\/td><td class=\"column-3\">14:54<\/td><td class=\"column-4\">TH<\/td><td class=\"column-5\">Wassereinbruch in Geb\u00e4ude nach Gewitter, Lindenstrasse <\/td>\n<\/tr>\n<tr class=\"row-54\">\n\t<td class=\"column-1\">53<\/td><td class=\"column-2\">17.08.2019<\/td><td class=\"column-3\">15:59<\/td><td class=\"column-4\">TH<\/td><td class=\"column-5\">Auslaufendes \u00d6l, Industriestrasse<\/td>\n<\/tr>\n<tr class=\"row-55\">\n\t<td class=\"column-1\">54<\/td><td class=\"column-2\">24.08.2019<\/td><td class=\"column-3\">08:33<\/td><td class=\"column-4\">Brand<\/td><td class=\"column-5\"><a href=\"https:\/\/feuerwehr-holdorf.de\/?p=3798\">PKW-Brand, A1 Rtg. Osnabr\u00fcck<\/a><\/td>\n<\/tr>\n<tr class=\"row-56\">\n\t<td class=\"column-1\">55<\/td><td class=\"column-2\">24.08.2019<\/td><td class=\"column-3\">09:28<\/td><td class=\"column-4\">Brand<\/td><td class=\"column-5\"><a href=\"https:\/\/feuerwehr-holdorf.de\/?p=3798\">Nachbarschaftliche L\u00f6schhilfe Radladerbrand, Grandorf<\/a><\/td>\n<\/tr>\n<tr class=\"row-57\">\n\t<td class=\"column-1\">56<\/td><td class=\"column-2\">08.09.2019<\/td><td class=\"column-3\">08:45<\/td><td class=\"column-4\">TH<\/td><td class=\"column-5\">Absicherung Triathlon<\/td>\n<\/tr>\n<tr class=\"row-58\">\n\t<td class=\"column-1\">57<\/td><td class=\"column-2\">17.09.2019<\/td><td class=\"column-3\">19:52<\/td><td class=\"column-4\">TH<\/td><td class=\"column-5\"><a href=\"https:\/\/feuerwehr-holdorf.de\/?p=3839\">Alarm\u00fcbung \/ Chlorgasalarm mit vermissten Personen, Schwimmhalle Holdorf<\/a><\/td>\n<\/tr>\n<tr class=\"row-59\">\n\t<td class=\"column-1\">58<\/td><td class=\"column-2\">23.09.2019<\/td><td class=\"column-3\">01:49<\/td><td class=\"column-4\">Brand<\/td><td class=\"column-5\"><a href=\"https:\/\/feuerwehr-holdorf.de\/?p=3853\">Dachstuhlbrand, Steinfelder Damm (Langenberg)<\/a><\/td>\n<\/tr>\n<tr class=\"row-60\">\n\t<td class=\"column-1\">59<\/td><td class=\"column-2\">23.09.2019<\/td><td class=\"column-3\">11:12<\/td><td class=\"column-4\">Brand<\/td><td class=\"column-5\">erneutes kleines Feuer im Dachbereich, Steinfelder Damm<\/td>\n<\/tr>\n<tr class=\"row-61\">\n\t<td class=\"column-1\">60<\/td><td class=\"column-2\">29.09.2019<\/td><td class=\"column-3\">20:21<\/td><td class=\"column-4\">Brand \/ MANV<\/td><td class=\"column-5\"><a href=\"https:\/\/feuerwehr-vechta.de\/einsatzberichte\/wohnungsbrand\/\">ELW2-Alarm (Kreisfeuerwehr-Pressesprecher), Wohnungsbrand Vechta<\/a><\/td>\n<\/tr>\n<tr class=\"row-62\">\n\t<td class=\"column-1\">61<\/td><td class=\"column-2\">30.09.2019<\/td><td class=\"column-3\">05:12<\/td><td class=\"column-4\">TH<\/td><td class=\"column-5\">Baum auf Fahrbahn, Ihorst<\/td>\n<\/tr>\n<tr class=\"row-63\">\n\t<td class=\"column-1\">62<\/td><td class=\"column-2\">04.10.2019<\/td><td class=\"column-3\">17:30<\/td><td class=\"column-4\">Fehl<\/td><td class=\"column-5\">Brandmeldeanlage, Industriegebiet<\/td>\n<\/tr>\n<tr class=\"row-64\">\n\t<td class=\"column-1\">63<\/td><td class=\"column-2\">11.10.2019<\/td><td class=\"column-3\">13:24<\/td><td class=\"column-4\">TH<\/td><td class=\"column-5\">Gemeldeter VU, A1 Rtg. Osnabr\u00fcck \/ Einsatzabbruch durch Leitstelle<\/td>\n<\/tr>\n<tr class=\"row-65\">\n\t<td class=\"column-1\">64<\/td><td class=\"column-2\">12.10.2019<\/td><td class=\"column-3\">09:00<\/td><td class=\"column-4\">KFB<\/td><td class=\"column-5\"><a href=\"https:\/\/feuerwehr-holdorf.de\/?p=3902\">Einsatz\u00fcbung der KFB, Twistringen<\/a><\/td>\n<\/tr>\n<tr class=\"row-66\">\n\t<td class=\"column-1\">65<\/td><td class=\"column-2\">15.10.2019<\/td><td class=\"column-3\">16:20<\/td><td class=\"column-4\">TH<\/td><td class=\"column-5\">Absicherung \/\u00d6lspur, Badberger Stra\u00dfe <\/td>\n<\/tr>\n<tr class=\"row-67\">\n\t<td class=\"column-1\">66<\/td><td class=\"column-2\">17.10.2019<\/td><td class=\"column-3\">19:21<\/td><td class=\"column-4\">TH<\/td><td class=\"column-5\">Kontrolle Elektrozaun, Osterort<\/td>\n<\/tr>\n<tr class=\"row-68\">\n\t<td class=\"column-1\">67<\/td><td class=\"column-2\">18.10.2019<\/td><td class=\"column-3\">01:14<\/td><td class=\"column-4\">TH<\/td><td class=\"column-5\"><a href=\"https:\/\/feuerwehr-holdorf.de\/?p=3920\">Schwerer Verkehrsunfall, A1 Rtg. Osnabr\u00fcck<\/a><\/td>\n<\/tr>\n<tr class=\"row-69\">\n\t<td class=\"column-1\">68<\/td><td class=\"column-2\">18.10.2019<\/td><td class=\"column-3\">13:58<\/td><td class=\"column-4\">TH<\/td><td class=\"column-5\">Baum auf Fahrbahn, Industriestrasse<\/td>\n<\/tr>\n<tr class=\"row-70\">\n\t<td class=\"column-1\">69<\/td><td class=\"column-2\">18.10.2019<\/td><td class=\"column-3\">14:53<\/td><td class=\"column-4\">TH<\/td><td class=\"column-5\">\u00c4ste auf Fahrbahn, Dammer Stra\u00dfe<\/td>\n<\/tr>\n<tr class=\"row-71\">\n\t<td class=\"column-1\">70<\/td><td class=\"column-2\">21.10.2019<\/td><td class=\"column-3\">09:04<\/td><td class=\"column-4\">TH<\/td><td class=\"column-5\"><a href=\"https:\/\/feuerwehr-holdorf.de\/?p=3932\">LKW umgest\u00fcrzt, Industriestra\u00dfe<\/a><\/td>\n<\/tr>\n<tr class=\"row-72\">\n\t<td class=\"column-1\">71<\/td><td class=\"column-2\">04.11.2019<\/td><td class=\"column-3\">17:45<\/td><td class=\"column-4\">TH<\/td><td class=\"column-5\">Absicherung Laternenumzug, Holdorf<\/td>\n<\/tr>\n<tr class=\"row-73\">\n\t<td class=\"column-1\">72<\/td><td class=\"column-2\">11.11.2019<\/td><td class=\"column-3\">17:45<\/td><td class=\"column-4\">TH<\/td><td class=\"column-5\">Absicherung Laternenumzug, Handorf-Langenberg<\/td>\n<\/tr>\n<tr class=\"row-74\">\n\t<td class=\"column-1\">73<\/td><td class=\"column-2\">11.11.2019<\/td><td class=\"column-3\">19:19<\/td><td class=\"column-4\">Brand \/ MANV<\/td><td class=\"column-5\"><a href=\"https:\/\/feuerwehr-vechta.de\/einsatzberichte\/wohnhausbrand-alarmuebung\/\" rel=\"noopener noreferrer\" target=\"_blank\">ELW2-Alarm (Kreisfeuerwehr-Pressesprecher), Alarm\u00fcbung Wohnhausbrand Calveslage<\/a><\/td>\n<\/tr>\n<tr class=\"row-75\">\n\t<td class=\"column-1\">74<\/td><td class=\"column-2\">12.11.2019<\/td><td class=\"column-3\">17:08<\/td><td class=\"column-4\">Fehl<\/td><td class=\"column-5\">Brandmeldeanlage, Industriegebiet <\/td>\n<\/tr>\n<tr class=\"row-76\">\n\t<td class=\"column-1\">75<\/td><td class=\"column-2\">16.11.2019<\/td><td class=\"column-3\">13:41<\/td><td class=\"column-4\">Brand<\/td><td class=\"column-5\">ELW2-Alarm (Kreisfeuerwehr-Pressesprecher), Alarm\u00fcbung Wohnhausbrand Bakum<\/td>\n<\/tr>\n<tr class=\"row-77\">\n\t<td class=\"column-1\">76<\/td><td class=\"column-2\">17.11.2019<\/td><td class=\"column-3\">16:45<\/td><td class=\"column-4\">TH<\/td><td class=\"column-5\">Amtshilfe, Absicherung St.-Martin-Umzug Holdorf<\/td>\n<\/tr>\n<tr class=\"row-78\">\n\t<td class=\"column-1\">77<\/td><td class=\"column-2\">19.11.2019<\/td><td class=\"column-3\">13:08<\/td><td class=\"column-4\">Fehl<\/td><td class=\"column-5\">Brandmeldeanlage, Industriegebiet<\/td>\n<\/tr>\n<tr class=\"row-79\">\n\t<td class=\"column-1\">78<\/td><td class=\"column-2\">21.11.2019<\/td><td class=\"column-3\">15:30<\/td><td class=\"column-4\">TH<\/td><td class=\"column-5\">Baum auf Fahrbahn, Ihorst<\/td>\n<\/tr>\n<tr class=\"row-80\">\n\t<td class=\"column-1\">79<\/td><td class=\"column-2\">22.11.2019<\/td><td class=\"column-3\">15:03<\/td><td class=\"column-4\">Fehl<\/td><td class=\"column-5\">Brandmeldeanlage, Industriegebiet<\/td>\n<\/tr>\n<tr class=\"row-81\">\n\t<td class=\"column-1\">80<\/td><td class=\"column-2\">25.11.2019<\/td><td class=\"column-3\">08:05<\/td><td class=\"column-4\">Fehl<\/td><td class=\"column-5\">Brandmeldeanlage, Industriegebiet<\/td>\n<\/tr>\n<tr class=\"row-82\">\n\t<td class=\"column-1\">81<\/td><td class=\"column-2\">16.12.2019<\/td><td class=\"column-3\">22:45<\/td><td class=\"column-4\">TH<\/td><td class=\"column-5\"><a href=\"https:\/\/www.nwm-tv.de\/news\/news-anzeigen\/?news_id=13413\">Gefahrguteinsatz (Kreisfeuerwehr-Pressesprecher) \/ auslaufende Fl\u00fcssigkeit, Lohne<\/a><\/td>\n<\/tr>\n<tr class=\"row-83\">\n\t<td class=\"column-1\">82<\/td><td class=\"column-2\">23.12.2019<\/td><td class=\"column-3\">11:00<\/td><td class=\"column-4\">Fehl<\/td><td class=\"column-5\">Brandmeldeanlage, Industriegebiet<\/td>\n<\/tr>\n<tr class=\"row-84\">\n\t<td class=\"column-1\">83<\/td><td class=\"column-2\">24.12.2019<\/td><td class=\"column-3\">04:19<\/td><td class=\"column-4\">Fehl<\/td><td class=\"column-5\">Brandmeldeanlage, Industriegebiet<\/td>\n<\/tr>\n<tr class=\"row-85\">\n\t<td class=\"column-1\">84<\/td><td class=\"column-2\">25.12.2019<\/td><td class=\"column-3\">03:06<\/td><td class=\"column-4\">TH<\/td><td class=\"column-5\"><a href=\"https:\/\/feuerwehr-holdorf.de\/?p=4030\">T\u00f6dlicher Unfall auf Autobahn, A1 Rtg. Osnabr\u00fcck<\/a><\/td>\n<\/tr>\n<\/tbody>\n<\/table>\n<!-- #tablepress-28 from cache -->\n\n\n\n<p> <em><strong>Erkl\u00e4rung:<br><\/strong><\/em>BSW = Brandsicherheitswache<br>Brand = Brandeinsatz<br>TH = technische Hilfeleistung<br>Fehl = Fehlalarm<br>KFB = Einsatz mit der Kreisfeuerwehrbereitschaft<br>MANV = Massenanfall von Veletzten <\/p>\n\n\n\n<p><\/p>\n","protected":false},"excerpt":{"rendered":"<p>Erkl\u00e4rung:BSW = BrandsicherheitswacheBrand = BrandeinsatzTH = technische HilfeleistungFehl = FehlalarmKFB = Einsatz mit der KreisfeuerwehrbereitschaftMANV = Massenanfall von Veletzten<\/p>\n","protected":false},"author":2,"featured_media":0,"parent":5399,"menu_order":0,"comment_status":"closed","ping_status":"closed","template":"","meta":{"ngg_post_thumbnail":0,"footnotes":""},"class_list":["post-3144","page","type-page","status-publish","hentry"],"_links":{"self":[{"href":"https:\/\/feuerwehr-holdorf.de\/index.php?rest_route=\/wp\/v2\/pages\/3144","targetHints":{"allow":["GET"]}}],"collection":[{"href":"https:\/\/feuerwehr-holdorf.de\/index.php?rest_route=\/wp\/v2\/pages"}],"about":[{"href":"https:\/\/feuerwehr-holdorf.de\/index.php?rest_route=\/wp\/v2\/types\/page"}],"author":[{"embeddable":true,"href":"https:\/\/feuerwehr-holdorf.de\/index.php?rest_route=\/wp\/v2\/users\/2"}],"replies":[{"embeddable":true,"href":"https:\/\/feuerwehr-holdorf.de\/index.php?rest_route=%2Fwp%2Fv2%2Fcomments&post=3144"}],"version-history":[{"count":4,"href":"https:\/\/feuerwehr-holdorf.de\/index.php?rest_route=\/wp\/v2\/pages\/3144\/revisions"}],"predecessor-version":[{"id":4105,"href":"https:\/\/feuerwehr-holdorf.de\/index.php?rest_route=\/wp\/v2\/pages\/3144\/revisions\/4105"}],"up":[{"embeddable":true,"href":"https:\/\/feuerwehr-holdorf.de\/index.php?rest_route=\/wp\/v2\/pages\/5399"}],"wp:attachment":[{"href":"https:\/\/feuerwehr-holdorf.de\/index.php?rest_route=%2Fwp%2Fv2%2Fmedia&parent=3144"}],"curies":[{"name":"wp","href":"https:\/\/api.w.org\/{rel}","templated":true}]}}