{"id":4019,"date":"2019-12-23T18:21:23","date_gmt":"2019-12-23T17:21:23","guid":{"rendered":"https:\/\/feuerwehr-holdorf.de\/?page_id=4019"},"modified":"2025-12-18T21:22:02","modified_gmt":"2025-12-18T20:22:02","slug":"einsaetze-2020-ff-holdorf","status":"publish","type":"page","link":"https:\/\/feuerwehr-holdorf.de\/?page_id=4019","title":{"rendered":"Eins\u00e4tze FF Holdorf 2020"},"content":{"rendered":"\n\n<table id=\"tablepress-30\" class=\"tablepress tablepress-id-30\">\n<thead>\n<tr class=\"row-1\">\n\t<th class=\"column-1\">Nr.<\/th><th class=\"column-2\">Datum<\/th><th class=\"column-3\">Zeit<\/th><th class=\"column-4\">Art<\/th><th class=\"column-5\">Einsatz<\/th>\n<\/tr>\n<\/thead>\n<tbody class=\"row-striping row-hover\">\n<tr class=\"row-2\">\n\t<td class=\"column-1\">01<\/td><td class=\"column-2\">01.01.2020<\/td><td class=\"column-3\">00:35<\/td><td class=\"column-4\">Brand<\/td><td class=\"column-5\"><a href=\"https:\/\/feuerwehr-holdorf.de\/?p=4115\">Heckenbrand, Dammer Stra\u00dfe<\/a><\/td>\n<\/tr>\n<tr class=\"row-3\">\n\t<td class=\"column-1\">02<\/td><td class=\"column-2\">01.01.2020<\/td><td class=\"column-3\">01:25<\/td><td class=\"column-4\">Brand<\/td><td class=\"column-5\"><a href=\"https:\/\/feuerwehr-holdorf.de\/?p=4115\">Dachstuhlbrand nach PKW-Brand, Gro\u00dfe Eschstra\u00dfe<\/a><\/td>\n<\/tr>\n<tr class=\"row-4\">\n\t<td class=\"column-1\">03<\/td><td class=\"column-2\">20.01.2020<\/td><td class=\"column-3\">23:02<\/td><td class=\"column-4\">Brand<\/td><td class=\"column-5\"><a href=\"https:\/\/feuerwehr-holdorf.de\/?p=4153\">Stallbrand, Fladderweg<\/a><\/td>\n<\/tr>\n<tr class=\"row-5\">\n\t<td class=\"column-1\">04<\/td><td class=\"column-2\">25.01.2020<\/td><td class=\"column-3\">23:16<\/td><td class=\"column-4\">Fehl<\/td><td class=\"column-5\">Gemeldeter Zimmerbrand, Gro\u00dfe Stra\u00dfe <\/td>\n<\/tr>\n<tr class=\"row-6\">\n\t<td class=\"column-1\">05<\/td><td class=\"column-2\">28.01.2020<\/td><td class=\"column-3\">06:55<\/td><td class=\"column-4\">Brand<\/td><td class=\"column-5\"><a href=\"https:\/\/www.nwm-tv.de\/news\/news-anzeigen\/?news_id=13596\">ELW2-Alarm (Kreisfeuerwehr-Pressesprecher), Strohballenbrand Bakum<\/a><\/td>\n<\/tr>\n<tr class=\"row-7\">\n\t<td class=\"column-1\">06<\/td><td class=\"column-2\">09.02.2020<\/td><td class=\"column-3\">16:24<\/td><td class=\"column-4\">TH<\/td><td class=\"column-5\">Geb\u00e4udefassaden l\u00f6sen sich durch Sturm, Bahnhofsallee<\/td>\n<\/tr>\n<tr class=\"row-8\">\n\t<td class=\"column-1\">07<\/td><td class=\"column-2\">11.02.2020<\/td><td class=\"column-3\">19:16<\/td><td class=\"column-4\">Fehl<\/td><td class=\"column-5\">Gemeldeter PKW-Brand, Am Stadion<\/td>\n<\/tr>\n<tr class=\"row-9\">\n\t<td class=\"column-1\">08<\/td><td class=\"column-2\">16.02.2020<\/td><td class=\"column-3\">11:15<\/td><td class=\"column-4\">Amtshilfe<\/td><td class=\"column-5\">Unterst\u00fctzung BSW, Carneval Damme<\/td>\n<\/tr>\n<tr class=\"row-10\">\n\t<td class=\"column-1\">09<\/td><td class=\"column-2\">16.02.2020<\/td><td class=\"column-3\">17:27<\/td><td class=\"column-4\">TH<\/td><td class=\"column-5\">Baum auf Fahrbahn, Ihorst<\/td>\n<\/tr>\n<tr class=\"row-11\">\n\t<td class=\"column-1\">10<\/td><td class=\"column-2\">16.02.2020<\/td><td class=\"column-3\">18:38<\/td><td class=\"column-4\">TH<\/td><td class=\"column-5\">Baum auf Fahrbahn, Zur Vosh\u00f6gde<\/td>\n<\/tr>\n<tr class=\"row-12\">\n\t<td class=\"column-1\">11<\/td><td class=\"column-2\">16.02.2020<\/td><td class=\"column-3\">19:20<\/td><td class=\"column-4\">TH<\/td><td class=\"column-5\">Baum auf Fahrbahn, Handorfer Stra\u00dfe<\/td>\n<\/tr>\n<tr class=\"row-13\">\n\t<td class=\"column-1\">12<\/td><td class=\"column-2\">16.02.2020<\/td><td class=\"column-3\">19:40<\/td><td class=\"column-4\">Brand<\/td><td class=\"column-5\">Nachbarschaftliche L\u00f6schhilfe, Wohnwagenbrand Damme<\/td>\n<\/tr>\n<tr class=\"row-14\">\n\t<td class=\"column-1\">13<\/td><td class=\"column-2\">16.02.2020<\/td><td class=\"column-3\">21:49<\/td><td class=\"column-4\">TH<\/td><td class=\"column-5\">Baum auf Fahrbahn, A1 Rtg. Osnabr\u00fcck<\/td>\n<\/tr>\n<tr class=\"row-15\">\n\t<td class=\"column-1\">14<\/td><td class=\"column-2\">17.02.2020<\/td><td class=\"column-3\">11:15<\/td><td class=\"column-4\">Amtshilfe<\/td><td class=\"column-5\">Unterst\u00fctzung BSW, Carneval Damme<\/td>\n<\/tr>\n<tr class=\"row-16\">\n\t<td class=\"column-1\">15<\/td><td class=\"column-2\">20.02.2020<\/td><td class=\"column-3\">19:12<\/td><td class=\"column-4\">Fehl<\/td><td class=\"column-5\">Brandmeldeanlage, Dammer Stra\u00dfe<\/td>\n<\/tr>\n<tr class=\"row-17\">\n\t<td class=\"column-1\">16<\/td><td class=\"column-2\">23.02.2020<\/td><td class=\"column-3\">14:00<\/td><td class=\"column-4\">Amtshilfe<\/td><td class=\"column-5\">Absicherung, Wanderung des Heimatvereins<\/td>\n<\/tr>\n<tr class=\"row-18\">\n\t<td class=\"column-1\">17<\/td><td class=\"column-2\">26.02.2020<\/td><td class=\"column-3\">10:39<\/td><td class=\"column-4\">Fehl<\/td><td class=\"column-5\">Brandmeldeanlage, Altenpflegeheim<\/td>\n<\/tr>\n<tr class=\"row-19\">\n\t<td class=\"column-1\">18<\/td><td class=\"column-2\">26.02.2020<\/td><td class=\"column-3\">16:03<\/td><td class=\"column-4\">Fehl<\/td><td class=\"column-5\">Brandmeldeanlage, Industriegebiet<\/td>\n<\/tr>\n<tr class=\"row-20\">\n\t<td class=\"column-1\">19<\/td><td class=\"column-2\">09.03.2020<\/td><td class=\"column-3\">15:46<\/td><td class=\"column-4\">Brand<\/td><td class=\"column-5\"><a href=\"https:\/\/www.nwm-tv.de\/news\/news-anzeigen\/?news_id=13807\">ELW2-Alarm (Kreisfeuerwehr-Pressesprecher), Geb\u00e4udebrand Lohne<\/a><\/td>\n<\/tr>\n<tr class=\"row-21\">\n\t<td class=\"column-1\">20<\/td><td class=\"column-2\">11.03.2020<\/td><td class=\"column-3\">21:07<\/td><td class=\"column-4\">TH<\/td><td class=\"column-5\">T\u00fcr\u00f6ffnung \/ Unterst\u00fctzung Rettungsdienst, Rastanlage Dammer Berge<\/td>\n<\/tr>\n<tr class=\"row-22\">\n\t<td class=\"column-1\">21<\/td><td class=\"column-2\">03.04.2020<\/td><td class=\"column-3\">20:22<\/td><td class=\"column-4\">Brand<\/td><td class=\"column-5\"><a href=\"https:\/\/feuerwehr-holdorf.de\/?p=4385\">PKW-Brand, Kreuzung B214 \/ Hansa Center<\/a><\/td>\n<\/tr>\n<tr class=\"row-23\">\n\t<td class=\"column-1\">22<\/td><td class=\"column-2\">05.04.2020<\/td><td class=\"column-3\">16:13<\/td><td class=\"column-4\">TH<\/td><td class=\"column-5\">Kleintier in Not, Feldkamp<\/td>\n<\/tr>\n<tr class=\"row-24\">\n\t<td class=\"column-1\">23<\/td><td class=\"column-2\">07.04.2020<\/td><td class=\"column-3\">03:44<\/td><td class=\"column-4\">TH<\/td><td class=\"column-5\">Tragehilfe Rettungsdienst, Dammer Stra\u00dfe <\/td>\n<\/tr>\n<tr class=\"row-25\">\n\t<td class=\"column-1\">24<\/td><td class=\"column-2\">08.04.2020<\/td><td class=\"column-3\">15:05<\/td><td class=\"column-4\">Brand<\/td><td class=\"column-5\">Heckenbrand, Steinfelder Damm<\/td>\n<\/tr>\n<tr class=\"row-26\">\n\t<td class=\"column-1\">25<\/td><td class=\"column-2\">11.04.2020<\/td><td class=\"column-3\">14:22<\/td><td class=\"column-4\">TH<\/td><td class=\"column-5\">\u00d6lspur, Kreisel Ihorst \/ Dopheide<\/td>\n<\/tr>\n<tr class=\"row-27\">\n\t<td class=\"column-1\">26<\/td><td class=\"column-2\">11.04.2020<\/td><td class=\"column-3\">21:20<\/td><td class=\"column-4\">Brand<\/td><td class=\"column-5\">Nachbarschaftliche L\u00f6schhilfe Fladderlohausen (kein Eingreifen erforderlich)<\/td>\n<\/tr>\n<tr class=\"row-28\">\n\t<td class=\"column-1\">27<\/td><td class=\"column-2\">20.04.2020<\/td><td class=\"column-3\">14:11<\/td><td class=\"column-4\">Brand<\/td><td class=\"column-5\"><a href=\"https:\/\/www.nwm-tv.de\/news\/news-anzeigen\/?news_id=14036\" rel=\"noopener noreferrer\" target=\"_blank\">ELW2-Alarm (Kreisfeuerwehr-Pressesprecher), Moorbrand S\u00fcdlohne<\/a><\/td>\n<\/tr>\n<tr class=\"row-29\">\n\t<td class=\"column-1\">28<\/td><td class=\"column-2\">20.04.2020<\/td><td class=\"column-3\">19:47<\/td><td class=\"column-4\">Brand<\/td><td class=\"column-5\">Nachbarschaftliche L\u00f6schhilfe, Damme (Schuppenbrand)<\/td>\n<\/tr>\n<tr class=\"row-30\">\n\t<td class=\"column-1\">29<\/td><td class=\"column-2\">21.04.2020<\/td><td class=\"column-3\">09:30<\/td><td class=\"column-4\">Brand<\/td><td class=\"column-5\"><a href=\"https:\/\/feuerwehr-holdorf.de\/?p=4436\">Nachbarschaftliche L\u00f6schhilfe \/ Moorbrand, S\u00fcdlohne<\/a><\/td>\n<\/tr>\n<tr class=\"row-31\">\n\t<td class=\"column-1\">30<\/td><td class=\"column-2\">02.05.2020<\/td><td class=\"column-3\">11:14<\/td><td class=\"column-4\">Brand<\/td><td class=\"column-5\"><a href=\"https:\/\/feuerwehr-holdorf.de\/?p=4480\">Schornsteinbrand, Talstra\u00dfe<\/a><\/td>\n<\/tr>\n<tr class=\"row-32\">\n\t<td class=\"column-1\">31<\/td><td class=\"column-2\">07.05.2020<\/td><td class=\"column-3\">09:54<\/td><td class=\"column-4\">TH<\/td><td class=\"column-5\"><a href=\"https:\/\/feuerwehr-holdorf.de\/?p=4493\">Verkehrsunfall, A1 Rtg. Bremen<\/a><\/td>\n<\/tr>\n<tr class=\"row-33\">\n\t<td class=\"column-1\">32<\/td><td class=\"column-2\">10.05.2020<\/td><td class=\"column-3\">13:34<\/td><td class=\"column-4\">Fehl<\/td><td class=\"column-5\">Brandmeldeanlage, Industriegebiet<\/td>\n<\/tr>\n<tr class=\"row-34\">\n\t<td class=\"column-1\">33<\/td><td class=\"column-2\">10.05.2020<\/td><td class=\"column-3\">15:56<\/td><td class=\"column-4\">Brand<\/td><td class=\"column-5\"><a href=\"https:\/\/feuerwehr-holdorf.de\/?p=4505\">Nachbarschaftliche L\u00f6schhilfe \/ Hallenbrand, Damme<\/a><\/td>\n<\/tr>\n<tr class=\"row-35\">\n\t<td class=\"column-1\">34<\/td><td class=\"column-2\">28.05.2020<\/td><td class=\"column-3\">09:50<\/td><td class=\"column-4\">Brand<\/td><td class=\"column-5\">Kleiner Fl\u00e4chenbrand im Wald, An der Dersaburg<\/td>\n<\/tr>\n<tr class=\"row-36\">\n\t<td class=\"column-1\">35<\/td><td class=\"column-2\">30.05.2020<\/td><td class=\"column-3\">15:04<\/td><td class=\"column-4\">Brand<\/td><td class=\"column-5\">M\u00fclltonnen-\/Schuppenbrand, Lindenstra\u00dfe<\/td>\n<\/tr>\n<tr class=\"row-37\">\n\t<td class=\"column-1\">36<\/td><td class=\"column-2\">13.06.2020<\/td><td class=\"column-3\">18:54<\/td><td class=\"column-4\">TH<\/td><td class=\"column-5\"><a href=\"https:\/\/feuerwehr-holdorf.de\/?p=4539\">nachbarschaftliche Hilfeleistung, Unwetter \u00fcber Damme<\/a><\/td>\n<\/tr>\n<tr class=\"row-38\">\n\t<td class=\"column-1\">37<\/td><td class=\"column-2\">14.06.2020<\/td><td class=\"column-3\">12:52<\/td><td class=\"column-4\">TH<\/td><td class=\"column-5\"><a href=\"https:\/\/feuerwehr-holdorf.de\/?p=4545\">Keller unter Wasser, Industriegebiet<\/a><\/td>\n<\/tr>\n<tr class=\"row-39\">\n\t<td class=\"column-1\">38<\/td><td class=\"column-2\">14.06.2020<\/td><td class=\"column-3\">14:11<\/td><td class=\"column-4\">Brand<\/td><td class=\"column-5\"><a href=\"https:\/\/feuerwehr-holdorf.de\/?p=4545\">PKW-Brand, A1 Rtg. Osnabr\u00fcck<\/a><\/td>\n<\/tr>\n<tr class=\"row-40\">\n\t<td class=\"column-1\">39<\/td><td class=\"column-2\">15.06.2020<\/td><td class=\"column-3\">10:17<\/td><td class=\"column-4\">TH<\/td><td class=\"column-5\">Wassereinbruch in Industriebetrieb, In den Wiesen<\/td>\n<\/tr>\n<tr class=\"row-41\">\n\t<td class=\"column-1\">40<\/td><td class=\"column-2\">17.06.2020<\/td><td class=\"column-3\">17:03<\/td><td class=\"column-4\">TH<\/td><td class=\"column-5\">Person hinter T\u00fcr, Zum Hansa Center<\/td>\n<\/tr>\n<tr class=\"row-42\">\n\t<td class=\"column-1\">41<\/td><td class=\"column-2\">25.06.2020<\/td><td class=\"column-3\">18:31<\/td><td class=\"column-4\">Brand<\/td><td class=\"column-5\">PKW-Brand, A1 Rtg. HB \/ kein Eingreifen erforderlich<\/td>\n<\/tr>\n<tr class=\"row-43\">\n\t<td class=\"column-1\">42<\/td><td class=\"column-2\">01.07.2020<\/td><td class=\"column-3\">13:29<\/td><td class=\"column-4\">Fehl<\/td><td class=\"column-5\">Brandmeldeanlage, In den Wiesen<\/td>\n<\/tr>\n<tr class=\"row-44\">\n\t<td class=\"column-1\">43<\/td><td class=\"column-2\">06.07.2020<\/td><td class=\"column-3\">20:38<\/td><td class=\"column-4\">TH<\/td><td class=\"column-5\"><a href=\"https:\/\/feuerwehr-holdorf.de\/?p=4567\">Gasgeruch, kein Eingreifen der FF erforderlich \/ Rastanlage Dammer Berge<\/a><\/td>\n<\/tr>\n<tr class=\"row-45\">\n\t<td class=\"column-1\">44<\/td><td class=\"column-2\">15.07.2020<\/td><td class=\"column-3\">16:52<\/td><td class=\"column-4\">TH<\/td><td class=\"column-5\"><a href=\"https:\/\/feuerwehr-holdorf.de\/?p=4588\">Verkehrsunfall, Neuenkirchener Stra\u00dfe<\/a><\/td>\n<\/tr>\n<tr class=\"row-46\">\n\t<td class=\"column-1\">45<\/td><td class=\"column-2\">04.08.2020<\/td><td class=\"column-3\">17:46<\/td><td class=\"column-4\">Brand<\/td><td class=\"column-5\">Kleiner Fl\u00e4chenbrand, Industriestrasse (Kreisel Ihorst)<\/td>\n<\/tr>\n<tr class=\"row-47\">\n\t<td class=\"column-1\">46<\/td><td class=\"column-2\">06.08.2020<\/td><td class=\"column-3\">09:00<\/td><td class=\"column-4\">TH<\/td><td class=\"column-5\"><a href=\"https:\/\/feuerwehr-holdorf.de\/?p=4613\">Keller unter Wasser, Schwimmbad Holdorf<\/a><\/td>\n<\/tr>\n<tr class=\"row-48\">\n\t<td class=\"column-1\">47<\/td><td class=\"column-2\">07.08.2020<\/td><td class=\"column-3\">20:32<\/td><td class=\"column-4\">TH<\/td><td class=\"column-5\"><a href=\"https:\/\/feuerwehr-holdorf.de\/?p=4618\">tierische Abf\u00e4lle auf Fahrbahn, B214 \/ Kreisel Ihorst<\/a><\/td>\n<\/tr>\n<tr class=\"row-49\">\n\t<td class=\"column-1\">48<\/td><td class=\"column-2\">09.08.2020<\/td><td class=\"column-3\">17:29<\/td><td class=\"column-4\">TH<\/td><td class=\"column-5\"><a href=\"https:\/\/feuerwehr-holdorf.de\/?p=4627\">vermisste Person, Heidesee<\/a><\/td>\n<\/tr>\n<tr class=\"row-50\">\n\t<td class=\"column-1\">49<\/td><td class=\"column-2\">13.08.2020<\/td><td class=\"column-3\">10:56<\/td><td class=\"column-4\">Brand<\/td><td class=\"column-5\"><a href=\"https:\/\/feuerwehr-holdorf.de\/?p=4642\">PKW-Brand, Zum Hansa Center<\/a><\/td>\n<\/tr>\n<tr class=\"row-51\">\n\t<td class=\"column-1\">50<\/td><td class=\"column-2\">15.08.2020<\/td><td class=\"column-3\">17:56<\/td><td class=\"column-4\">Fehl<\/td><td class=\"column-5\">Brandmeldeanlage, Industriegebiet <\/td>\n<\/tr>\n<tr class=\"row-52\">\n\t<td class=\"column-1\">51<\/td><td class=\"column-2\">16.08.2020<\/td><td class=\"column-3\">12:35<\/td><td class=\"column-4\">Fehl<\/td><td class=\"column-5\">Brandmeldeanlage, Industriegebiet <\/td>\n<\/tr>\n<tr class=\"row-53\">\n\t<td class=\"column-1\">52<\/td><td class=\"column-2\">27.08.2020<\/td><td class=\"column-3\">08:30<\/td><td class=\"column-4\">TH<\/td><td class=\"column-5\">Erkundung nach gemeldetem Sturmschaden, kein Eingreifen der Feuerwehr erforderlich<\/td>\n<\/tr>\n<tr class=\"row-54\">\n\t<td class=\"column-1\">53<\/td><td class=\"column-2\">30.08.2020<\/td><td class=\"column-3\">12:28<\/td><td class=\"column-4\">Brand<\/td><td class=\"column-5\"><a href=\"https:\/\/feuerwehr-holdorf.de\/?p=4681\">gemeldeter Dachstuhlbrand \/ K\u00fcchenbrand, Gro\u00dfe Stra\u00dfe<\/a><\/td>\n<\/tr>\n<tr class=\"row-55\">\n\t<td class=\"column-1\">54<\/td><td class=\"column-2\">16.09.2020<\/td><td class=\"column-3\">11:50<\/td><td class=\"column-4\">Brand<\/td><td class=\"column-5\"><a href=\"https:\/\/feuerwehr-holdorf.de\/?p=4717\">Containerbrand, Industriegebiet <\/a><\/td>\n<\/tr>\n<tr class=\"row-56\">\n\t<td class=\"column-1\">55<\/td><td class=\"column-2\">16.09.2020<\/td><td class=\"column-3\">21:24<\/td><td class=\"column-4\">Brand<\/td><td class=\"column-5\"><a href=\"https:\/\/feuerwehr-holdorf.de\/?p=4717\">Entstehungsbrand im LKW, Rastanlage Dammer Berge<\/a><\/td>\n<\/tr>\n<tr class=\"row-57\">\n\t<td class=\"column-1\">56<\/td><td class=\"column-2\">21.09.2020<\/td><td class=\"column-3\">10:07<\/td><td class=\"column-4\">TH<\/td><td class=\"column-5\">Personenrettung, Badberger Stra\u00dfe<\/td>\n<\/tr>\n<tr class=\"row-58\">\n\t<td class=\"column-1\">57<\/td><td class=\"column-2\">25.09.2020<\/td><td class=\"column-3\">23:18<\/td><td class=\"column-4\">Fehl<\/td><td class=\"column-5\">Brandmeldeanlage, Industriegebiet<\/td>\n<\/tr>\n<tr class=\"row-59\">\n\t<td class=\"column-1\">58<\/td><td class=\"column-2\">26.09.2020<\/td><td class=\"column-3\">09:29<\/td><td class=\"column-4\">Brand<\/td><td class=\"column-5\">B\u00f6schungsbrand, MUNA<\/td>\n<\/tr>\n<tr class=\"row-60\">\n\t<td class=\"column-1\">59<\/td><td class=\"column-2\">28.09.2020<\/td><td class=\"column-3\">16:26<\/td><td class=\"column-4\">TH<\/td><td class=\"column-5\"><a href=\"https:\/\/www.nwm-tv.de\/news\/news-anzeigen\/?news_id=14729\">ELW2-Alarm (Kreisfeuerwehr-Pressesprecher), VU \/ MANV in Damme<\/a><\/td>\n<\/tr>\n<tr class=\"row-61\">\n\t<td class=\"column-1\">60<\/td><td class=\"column-2\">04.10.2020<\/td><td class=\"column-3\">07:55<\/td><td class=\"column-4\">Brand<\/td><td class=\"column-5\"><a href=\"https:\/\/feuerwehr-holdorf.de\/?p=4728\">nachbarschaftliche L\u00f6schhilfe, Wohnhausbrand Lorser Weg<\/a><\/td>\n<\/tr>\n<tr class=\"row-62\">\n\t<td class=\"column-1\">61<\/td><td class=\"column-2\">18.10.2020<\/td><td class=\"column-3\">17:33<\/td><td class=\"column-4\">TH<\/td><td class=\"column-5\"><a href=\"https:\/\/feuerwehr-holdorf.de\/?p=4757\">Gefahrguteinsatz, Dammer Stra\u00dfe<\/a><\/td>\n<\/tr>\n<tr class=\"row-63\">\n\t<td class=\"column-1\">62<\/td><td class=\"column-2\">10.11.2020<\/td><td class=\"column-3\">05:39<\/td><td class=\"column-4\">TH<\/td><td class=\"column-5\">Besch\u00e4digter Dieseltank, Rastanlage Dammer Berge<\/td>\n<\/tr>\n<tr class=\"row-64\">\n\t<td class=\"column-1\">63<\/td><td class=\"column-2\">20.11.2020<\/td><td class=\"column-3\">14:54<\/td><td class=\"column-4\">TH<\/td><td class=\"column-5\">Verkehrsunfall A1, kein Eingreifen der Feuerwehr erforderlich<\/td>\n<\/tr>\n<tr class=\"row-65\">\n\t<td class=\"column-1\">64<\/td><td class=\"column-2\">01.12.2020<\/td><td class=\"column-3\">11:46<\/td><td class=\"column-4\">TH<\/td><td class=\"column-5\">Verkehrsunfall A1, kein Eingreifen der Feuerwehr erforderlich<\/td>\n<\/tr>\n<tr class=\"row-66\">\n\t<td class=\"column-1\">65<\/td><td class=\"column-2\">15.12.2020<\/td><td class=\"column-3\">11:39<\/td><td class=\"column-4\">TH \/ Brand<\/td><td class=\"column-5\"><a href=\"https:\/\/feuerwehr-holdorf.de\/?p=4829\">Verkehrsunfall mit gemeldetem PKW-Brand, A1 Rtg. Bremen<\/a><\/td>\n<\/tr>\n<tr class=\"row-67\">\n\t<td class=\"column-1\">66<\/td><td class=\"column-2\">17.12.2020<\/td><td class=\"column-3\">21:56<\/td><td class=\"column-4\">TH<\/td><td class=\"column-5\"><a href=\"https:\/\/feuerwehr-holdorf.de\/?p=4835\">Verkehrsunfall A1 (Km 187), Rtg. Bremen<\/a><\/td>\n<\/tr>\n<\/tbody>\n<\/table>\n<!-- #tablepress-30 from cache -->\n<p><em><strong>Erkl\u00e4rung:<br><\/strong><\/em>BSW = Brandsicherheitswache<br>Brand = Brandeinsatz<br>TH = technische Hilfeleistung<br>Fehl = Fehlalarm<br>KFB = Einsatz mit der Kreisfeuerwehrbereitschaft<br>MANV = Massenanfall von Veletzten<\/p>\n","protected":false},"excerpt":{"rendered":"<p>Erkl\u00e4rung:BSW = BrandsicherheitswacheBrand = BrandeinsatzTH = technische HilfeleistungFehl = FehlalarmKFB = Einsatz mit der KreisfeuerwehrbereitschaftMANV = Massenanfall von Veletzten<\/p>\n","protected":false},"author":2,"featured_media":0,"parent":5399,"menu_order":0,"comment_status":"closed","ping_status":"closed","template":"","meta":{"ngg_post_thumbnail":0,"footnotes":""},"class_list":["post-4019","page","type-page","status-publish","hentry"],"_links":{"self":[{"href":"https:\/\/feuerwehr-holdorf.de\/index.php?rest_route=\/wp\/v2\/pages\/4019","targetHints":{"allow":["GET"]}}],"collection":[{"href":"https:\/\/feuerwehr-holdorf.de\/index.php?rest_route=\/wp\/v2\/pages"}],"about":[{"href":"https:\/\/feuerwehr-holdorf.de\/index.php?rest_route=\/wp\/v2\/types\/page"}],"author":[{"embeddable":true,"href":"https:\/\/feuerwehr-holdorf.de\/index.php?rest_route=\/wp\/v2\/users\/2"}],"replies":[{"embeddable":true,"href":"https:\/\/feuerwehr-holdorf.de\/index.php?rest_route=%2Fwp%2Fv2%2Fcomments&post=4019"}],"version-history":[{"count":4,"href":"https:\/\/feuerwehr-holdorf.de\/index.php?rest_route=\/wp\/v2\/pages\/4019\/revisions"}],"predecessor-version":[{"id":4106,"href":"https:\/\/feuerwehr-holdorf.de\/index.php?rest_route=\/wp\/v2\/pages\/4019\/revisions\/4106"}],"up":[{"embeddable":true,"href":"https:\/\/feuerwehr-holdorf.de\/index.php?rest_route=\/wp\/v2\/pages\/5399"}],"wp:attachment":[{"href":"https:\/\/feuerwehr-holdorf.de\/index.php?rest_route=%2Fwp%2Fv2%2Fmedia&parent=4019"}],"curies":[{"name":"wp","href":"https:\/\/api.w.org\/{rel}","templated":true}]}}