{"id":6210,"date":"2022-12-11T21:35:25","date_gmt":"2022-12-11T20:35:25","guid":{"rendered":"https:\/\/feuerwehr-holdorf.de\/?page_id=6210"},"modified":"2025-12-18T21:22:03","modified_gmt":"2025-12-18T20:22:03","slug":"einsaetze-ff-holdorf-2023","status":"publish","type":"page","link":"https:\/\/feuerwehr-holdorf.de\/?page_id=6210","title":{"rendered":"Eins\u00e4tze FF Holdorf 2023"},"content":{"rendered":"\n<table id=\"tablepress-36\" class=\"tablepress tablepress-id-36\">\n<thead>\n<tr class=\"row-1\">\n\t<th class=\"column-1\">Nr.<\/th><th class=\"column-2\">Datum<\/th><th class=\"column-3\">Zeit<\/th><th class=\"column-4\">Art<\/th><th class=\"column-5\">Einsatz<\/th>\n<\/tr>\n<\/thead>\n<tbody class=\"row-striping row-hover\">\n<tr class=\"row-2\">\n\t<td class=\"column-1\">01<\/td><td class=\"column-2\">01.01.2023<\/td><td class=\"column-3\">07:08<\/td><td class=\"column-4\">Brand<\/td><td class=\"column-5\">M\u00fclltonnenbrand, Dammer Stra\u00dfe<\/td>\n<\/tr>\n<tr class=\"row-3\">\n\t<td class=\"column-1\">02<\/td><td class=\"column-2\">02.01.2023<\/td><td class=\"column-3\">11:48<\/td><td class=\"column-4\">Brand<\/td><td class=\"column-5\"><a href=\"https:\/\/www.nwm-tv.de\/news\/news-anzeigen\/?news_id=18290\">ELW2-Alarm (FF-Pressesprecher), Brand einer Halle \/ Langf\u00f6rden<\/a><\/td>\n<\/tr>\n<tr class=\"row-4\">\n\t<td class=\"column-1\">03<\/td><td class=\"column-2\">04.01.2023<\/td><td class=\"column-3\">11:18<\/td><td class=\"column-4\">TH<\/td><td class=\"column-5\"><a href=\"https:\/\/feuerwehr-holdorf.de\/?p=6253\">auslaufendes \u00d6l, Rastanlage Dammer Berge<\/a><\/td>\n<\/tr>\n<tr class=\"row-5\">\n\t<td class=\"column-1\">04<\/td><td class=\"column-2\">15.01.2023<\/td><td class=\"column-3\">15:09<\/td><td class=\"column-4\">TH<\/td><td class=\"column-5\">Baum auf Fahrbahn, Diekhausener Weg (Einsatzabbruch durch Leitstelle)<\/td>\n<\/tr>\n<tr class=\"row-6\">\n\t<td class=\"column-1\">05<\/td><td class=\"column-2\">22.01.2023<\/td><td class=\"column-3\">19:31<\/td><td class=\"column-4\">TH<\/td><td class=\"column-5\"><a href=\"https:\/\/feuerwehr-holdorf.de\/?p=6267\">Verkehrsunfall, Ritastra\u00dfe<\/a><\/td>\n<\/tr>\n<tr class=\"row-7\">\n\t<td class=\"column-1\">06<\/td><td class=\"column-2\">25.01.2023<\/td><td class=\"column-3\">09:30<\/td><td class=\"column-4\">TH<\/td><td class=\"column-5\">Vermeintlicher Gasgeruch, Industriegebiet \/ Kein Eingreifen der Feuerwehr erforderlich<\/td>\n<\/tr>\n<tr class=\"row-8\">\n\t<td class=\"column-1\">07<\/td><td class=\"column-2\">07.02.2023<\/td><td class=\"column-3\">13:00<\/td><td class=\"column-4\">Brand<\/td><td class=\"column-5\"><a href=\"https:\/\/feuerwehr-holdorf.de\/?p=6287\">Brand einer Brechmaschine, Industriegebiet<\/a><\/td>\n<\/tr>\n<tr class=\"row-9\">\n\t<td class=\"column-1\">08<\/td><td class=\"column-2\">12.02.2023<\/td><td class=\"column-3\">10:45<\/td><td class=\"column-4\">BSW<\/td><td class=\"column-5\">Unterst\u00fctzung Brandsicherheits-wache, Carneval Damme<\/td>\n<\/tr>\n<tr class=\"row-10\">\n\t<td class=\"column-1\">09<\/td><td class=\"column-2\">13.02.2023<\/td><td class=\"column-3\">11:15<\/td><td class=\"column-4\">BSW<\/td><td class=\"column-5\">Unterst\u00fctzung Brandsicherheits-wache, Carneval Damme<\/td>\n<\/tr>\n<tr class=\"row-11\">\n\t<td class=\"column-1\">10<\/td><td class=\"column-2\">22.02.2023<\/td><td class=\"column-3\">16:03<\/td><td class=\"column-4\">TH<\/td><td class=\"column-5\">T\u00fcr \u00f6ffnen, Gro\u00dfe Stra\u00dfe<\/td>\n<\/tr>\n<tr class=\"row-12\">\n\t<td class=\"column-1\">11<\/td><td class=\"column-2\">24.02.2023<\/td><td class=\"column-3\">17:38<\/td><td class=\"column-4\">Brand<\/td><td class=\"column-5\">Brennt Unrat, Heideweg<\/td>\n<\/tr>\n<tr class=\"row-13\">\n\t<td class=\"column-1\">12<\/td><td class=\"column-2\">28.02.2023<\/td><td class=\"column-3\">17:45<\/td><td class=\"column-4\">TH<\/td><td class=\"column-5\">Absicherung CDU-Kohlessen, Langenberg<\/td>\n<\/tr>\n<tr class=\"row-14\">\n\t<td class=\"column-1\">13<\/td><td class=\"column-2\">11.03.2023<\/td><td class=\"column-3\">00:21<\/td><td class=\"column-4\">TH<\/td><td class=\"column-5\">Baum auf Fahrbahn, Gramker Stra\u00dfe<\/td>\n<\/tr>\n<tr class=\"row-15\">\n\t<td class=\"column-1\">14<\/td><td class=\"column-2\">25.03.2023<\/td><td class=\"column-3\">17:29<\/td><td class=\"column-4\">TH<\/td><td class=\"column-5\">Baum auf Fahrbahn, Haveriede<\/td>\n<\/tr>\n<tr class=\"row-16\">\n\t<td class=\"column-1\">15<\/td><td class=\"column-2\">28.03.2023<\/td><td class=\"column-3\">03:16<\/td><td class=\"column-4\">TH<\/td><td class=\"column-5\"><a href=\"https:\/\/feuerwehr-holdorf.de\/?p=6324\">Verkehrsunfall, Industriestra\u00dfe<\/a><\/td>\n<\/tr>\n<tr class=\"row-17\">\n\t<td class=\"column-1\">16<\/td><td class=\"column-2\">03.04.2023<\/td><td class=\"column-3\">05:55<\/td><td class=\"column-4\">Brand<\/td><td class=\"column-5\"><a href=\"https:\/\/feuerwehr-holdorf.de\/?p=6328\">Brand im Heizungsraum, Dinklager Stra\u00dfe<\/a><\/td>\n<\/tr>\n<tr class=\"row-18\">\n\t<td class=\"column-1\">17<\/td><td class=\"column-2\">04.04.2023<\/td><td class=\"column-3\">20:12<\/td><td class=\"column-4\">Brand<\/td><td class=\"column-5\"><a href=\"https:\/\/feuerwehr-holdorf.de\/?p=6335\">Feuer an einer Scheune, Westring<\/a><\/td>\n<\/tr>\n<tr class=\"row-19\">\n\t<td class=\"column-1\">18<\/td><td class=\"column-2\">06.04.2023<\/td><td class=\"column-3\">19:12<\/td><td class=\"column-4\">TH<\/td><td class=\"column-5\"><a href=\"https:\/\/feuerwehr-holdorf.de\/?p=6342\">Amtshilfe, Personensuche am Kalksandsteinsee<\/a><\/td>\n<\/tr>\n<tr class=\"row-20\">\n\t<td class=\"column-1\">19<\/td><td class=\"column-2\">11.04.2023<\/td><td class=\"column-3\">08:54<\/td><td class=\"column-4\">TH<\/td><td class=\"column-5\">Dieseltank aufgerissen, A1 Rtg. Bremen<\/td>\n<\/tr>\n<tr class=\"row-21\">\n\t<td class=\"column-1\">20<\/td><td class=\"column-2\">03.05.2023<\/td><td class=\"column-3\">15:30<\/td><td class=\"column-4\">Brand<\/td><td class=\"column-5\"><a href=\"https:\/\/www.om-online.de\/om\/schweinestall-in-lohne-krimpenfort-brennt-161613\">ELW2-Alarm (FF-Pressesprecher), Brand eines Schweinestalls, Lohne<\/a><\/td>\n<\/tr>\n<tr class=\"row-22\">\n\t<td class=\"column-1\">21<\/td><td class=\"column-2\">05.05.2023<\/td><td class=\"column-3\">11:15<\/td><td class=\"column-4\">TH<\/td><td class=\"column-5\">Absicherung Sponsorenlauf der GKS Holdorf<\/td>\n<\/tr>\n<tr class=\"row-23\">\n\t<td class=\"column-1\">22<\/td><td class=\"column-2\">06.05.2023<\/td><td class=\"column-3\">21:59<\/td><td class=\"column-4\">TH<\/td><td class=\"column-5\">T\u00fcr\u00f6ffnung, Person hinter T\u00fcr<\/td>\n<\/tr>\n<tr class=\"row-24\">\n\t<td class=\"column-1\">23<\/td><td class=\"column-2\">14.05.2023<\/td><td class=\"column-3\">13:30<\/td><td class=\"column-4\">TH<\/td><td class=\"column-5\">Absicherung Sch\u00fctzenfest Fladderlohausen<\/td>\n<\/tr>\n<tr class=\"row-25\">\n\t<td class=\"column-1\">24<\/td><td class=\"column-2\">15.05.2023<\/td><td class=\"column-3\">14:30<\/td><td class=\"column-4\">TH<\/td><td class=\"column-5\">Absicherung Sch\u00fctzenfest Fladderlohausen<\/td>\n<\/tr>\n<tr class=\"row-26\">\n\t<td class=\"column-1\">25<\/td><td class=\"column-2\">18.05.2023<\/td><td class=\"column-3\">23:01<\/td><td class=\"column-4\">TH<\/td><td class=\"column-5\"><a href=\"https:\/\/feuerwehr-holdorf.de\/?p=6387\">Schwerer Verkehrsunfall, B214<\/a><\/td>\n<\/tr>\n<tr class=\"row-27\">\n\t<td class=\"column-1\">26<\/td><td class=\"column-2\">23.05.2023<\/td><td class=\"column-3\">03:24<\/td><td class=\"column-4\">Brand<\/td><td class=\"column-5\"><a href=\"https:\/\/feuerwehr-langfoerden.de\/einsatzberichte\/grossbrand-2\/#\">ELW2-Alarm (FF-Pressesprecher) \/ Brand einer Lagerhalle, Langf\u00f6rden<\/a><\/td>\n<\/tr>\n<tr class=\"row-28\">\n\t<td class=\"column-1\">27<\/td><td class=\"column-2\">24.05.2023<\/td><td class=\"column-3\">08:40<\/td><td class=\"column-4\">TH<\/td><td class=\"column-5\"><a href=\"https:\/\/www.om-online.de\/om\/ammoniak-tritt-in-kuehlraum-aus-163622\">ELW2-Alarm (FF-Pressesprecher) \/ Austritt von Ammoniak, V\u00f6rden<\/a><\/td>\n<\/tr>\n<tr class=\"row-29\">\n\t<td class=\"column-1\">28<\/td><td class=\"column-2\">27.05.2023<\/td><td class=\"column-3\">13:00<\/td><td class=\"column-4\">TH<\/td><td class=\"column-5\">Absicherung Sch\u00fctzenfest Langenberg<\/td>\n<\/tr>\n<tr class=\"row-30\">\n\t<td class=\"column-1\">29<\/td><td class=\"column-2\">27.05.2023<\/td><td class=\"column-3\">16:30<\/td><td class=\"column-4\">Brand<\/td><td class=\"column-5\">Nachbarschaftliche L\u00f6schhilfe, brennender Rasenm\u00e4hertrecker, Grandorf<\/td>\n<\/tr>\n<tr class=\"row-31\">\n\t<td class=\"column-1\">30<\/td><td class=\"column-2\">28.05.2023<\/td><td class=\"column-3\">13:30<\/td><td class=\"column-4\">TH<\/td><td class=\"column-5\">Absicherung Sch\u00fctzenfest Langenberg<\/td>\n<\/tr>\n<tr class=\"row-32\">\n\t<td class=\"column-1\">31<\/td><td class=\"column-2\">04.06.2023<\/td><td class=\"column-3\">14:05<\/td><td class=\"column-4\">Brand<\/td><td class=\"column-5\"><a href=\"https:\/\/feuerwehr-holdorf.de\/?p=6419\">Brand einer H\u00fctte, Scharbrink<\/a><\/td>\n<\/tr>\n<tr class=\"row-33\">\n\t<td class=\"column-1\">32<\/td><td class=\"column-2\">10.06.2023<\/td><td class=\"column-3\">17:45<\/td><td class=\"column-4\">TH<\/td><td class=\"column-5\">Absicherung, Fronleichnam-Prozession<\/td>\n<\/tr>\n<tr class=\"row-34\">\n\t<td class=\"column-1\">33<\/td><td class=\"column-2\">10.06.2023<\/td><td class=\"column-3\">20:18<\/td><td class=\"column-4\">TH<\/td><td class=\"column-5\">Tragehilfe f\u00fcr Rettungsdienst, Steinfelder Damm<\/td>\n<\/tr>\n<tr class=\"row-35\">\n\t<td class=\"column-1\">34<\/td><td class=\"column-2\">20.06.2023<\/td><td class=\"column-3\">18:45<\/td><td class=\"column-4\">Brand<\/td><td class=\"column-5\"><a href=\"https:\/\/www.om-online.de\/om\/transporter-brennt-in-dinklager-auto-verleih-166565\">ELW2-Alarm (FF-Pressesprecher) \/ Brand einer Werkstatt, Dinklage<\/a><\/td>\n<\/tr>\n<tr class=\"row-36\">\n\t<td class=\"column-1\">35<\/td><td class=\"column-2\">22.06.2023<\/td><td class=\"column-3\">16:30<\/td><td class=\"column-4\">TH<\/td><td class=\"column-5\">Vorbereitungen Unwetterlage<\/td>\n<\/tr>\n<tr class=\"row-37\">\n\t<td class=\"column-1\">36<\/td><td class=\"column-2\">25.06.2023<\/td><td class=\"column-3\">16:49<\/td><td class=\"column-4\">Brand<\/td><td class=\"column-5\"><a href=\"https:\/\/www.nwm-tv.de\/news\/news-anzeigen\/?news_id=18950\">Anforderung Pressesprecher, Gro\u00dfbrand landwirtschaftliches Anwesen, Dinklage<\/a><\/td>\n<\/tr>\n<tr class=\"row-38\">\n\t<td class=\"column-1\">37<\/td><td class=\"column-2\">30.06.2023<\/td><td class=\"column-3\">11:03<\/td><td class=\"column-4\">TH<\/td><td class=\"column-5\">auslaufende Betriebsstoffe, Fallenriede<\/td>\n<\/tr>\n<tr class=\"row-39\">\n\t<td class=\"column-1\">38<\/td><td class=\"column-2\">02.07.2023<\/td><td class=\"column-3\">19:14<\/td><td class=\"column-4\">TH<\/td><td class=\"column-5\">T\u00fcr \u00f6ffnen, A1 \/ kein Eingreifen erforderlich<\/td>\n<\/tr>\n<tr class=\"row-40\">\n\t<td class=\"column-1\">39<\/td><td class=\"column-2\">05.07.2023<\/td><td class=\"column-3\">23:31<\/td><td class=\"column-4\">Brand<\/td><td class=\"column-5\"><a href=\"https:\/\/feuerwehr-holdorf.de\/?p=6533\">nachbarschaftliche L\u00f6schhilfe, Lagerhallenbrand Lohne<\/a><\/td>\n<\/tr>\n<tr class=\"row-41\">\n\t<td class=\"column-1\">40<\/td><td class=\"column-2\">09.07.2023<\/td><td class=\"column-3\">19:12<\/td><td class=\"column-4\">TH<\/td><td class=\"column-5\">Baum auf Fahrbahn, Gramker Stra\u00dfe<\/td>\n<\/tr>\n<tr class=\"row-42\">\n\t<td class=\"column-1\">41<\/td><td class=\"column-2\">09.07.2023<\/td><td class=\"column-3\">19:36<\/td><td class=\"column-4\">TH<\/td><td class=\"column-5\">\u00c4ste auf Fahrbahn, Ihorst<\/td>\n<\/tr>\n<tr class=\"row-43\">\n\t<td class=\"column-1\">42<\/td><td class=\"column-2\">12.07.2023<\/td><td class=\"column-3\">12:22<\/td><td class=\"column-4\">Fehl<\/td><td class=\"column-5\">Brandmeldeanlage, Industriegebiet<\/td>\n<\/tr>\n<tr class=\"row-44\">\n\t<td class=\"column-1\">43<\/td><td class=\"column-2\">18.07.2023<\/td><td class=\"column-3\">20:57<\/td><td class=\"column-4\">TH<\/td><td class=\"column-5\"><a href=\"https:\/\/feuerwehr-holdorf.de\/?p=6550\">\u00d6lspur (mit Verkehrsunfall), Industriestra\u00dfe<\/a><\/td>\n<\/tr>\n<tr class=\"row-45\">\n\t<td class=\"column-1\">44<\/td><td class=\"column-2\">20.07.2023<\/td><td class=\"column-3\">07:22<\/td><td class=\"column-4\">Brand<\/td><td class=\"column-5\">BMA \/ Entstehungsbrand, Industriegebiet<\/td>\n<\/tr>\n<tr class=\"row-46\">\n\t<td class=\"column-1\">45<\/td><td class=\"column-2\">21.07.2023<\/td><td class=\"column-3\">00:29<\/td><td class=\"column-4\">Brand<\/td><td class=\"column-5\"><a href=\"https:\/\/feuerwehr-holdorf.de\/?p=6555\">Nachbarschaftliche L\u00f6schhilfe, Scheunenbrand V\u00f6rden (Campemoor)<\/a><\/td>\n<\/tr>\n<tr class=\"row-47\">\n\t<td class=\"column-1\">46<\/td><td class=\"column-2\">21.07.2023<\/td><td class=\"column-3\">14:44<\/td><td class=\"column-4\">Fehl<\/td><td class=\"column-5\">Brandmeldeanlage, Grandorf \/ kein Eingreifen erforderlich<\/td>\n<\/tr>\n<tr class=\"row-48\">\n\t<td class=\"column-1\">47<\/td><td class=\"column-2\">28.07.2023<\/td><td class=\"column-3\">21:19<\/td><td class=\"column-4\">Brand<\/td><td class=\"column-5\">unklare Rauchentwicklung, Gro\u00dfe Stra\u00dfe \/ kein Eingreifen erforderlich<\/td>\n<\/tr>\n<tr class=\"row-49\">\n\t<td class=\"column-1\">48<\/td><td class=\"column-2\">08.08.2023<\/td><td class=\"column-3\">09:55<\/td><td class=\"column-4\">TH<\/td><td class=\"column-5\">Baum auf Fahrbahn, Handorfer Stra\u00dfe \/ L851<\/td>\n<\/tr>\n<tr class=\"row-50\">\n\t<td class=\"column-1\">49<\/td><td class=\"column-2\">11.08.2023<\/td><td class=\"column-3\">11:49<\/td><td class=\"column-4\">TH<\/td><td class=\"column-5\"><a href=\"https:\/\/feuerwehr-holdorf.de\/?p=6573\">gemeldeter schwerer VU auf A1, kein Eingreifen erforderlich<\/a><\/td>\n<\/tr>\n<tr class=\"row-51\">\n\t<td class=\"column-1\">50<\/td><td class=\"column-2\">11.08.2023<\/td><td class=\"column-3\">12:58<\/td><td class=\"column-4\">Brand<\/td><td class=\"column-5\"><a href=\"https:\/\/feuerwehr-holdorf.de\/?p=6573\">gemeldeter PKW-Brand A1, kein Eingreifen erforderlich<\/a><\/td>\n<\/tr>\n<tr class=\"row-52\">\n\t<td class=\"column-1\">51<\/td><td class=\"column-2\">14.08.2023<\/td><td class=\"column-3\">08:18<\/td><td class=\"column-4\">TH<\/td><td class=\"column-5\"><a href=\"https:\/\/feuerwehr-holdorf.de\/?p=6578\">Gefahrguteinsatz Lohne, Klapphakenstra\u00dfe<\/a><\/td>\n<\/tr>\n<tr class=\"row-53\">\n\t<td class=\"column-1\">52<\/td><td class=\"column-2\">16.08.2023<\/td><td class=\"column-3\">18:54<\/td><td class=\"column-4\">Brand<\/td><td class=\"column-5\"><a href=\"https:\/\/feuerwehr-holdorf.de\/?p=6591\">Brand einer Maschinenhalle, Gehrder Stra\u00dfe<\/a><\/td>\n<\/tr>\n<tr class=\"row-54\">\n\t<td class=\"column-1\">53<\/td><td class=\"column-2\">17.08.2023<\/td><td class=\"column-3\">19:20<\/td><td class=\"column-4\">Fehl<\/td><td class=\"column-5\">Ausgel\u00f6ster Heimrauchmelder, Oderstrasse<\/td>\n<\/tr>\n<tr class=\"row-55\">\n\t<td class=\"column-1\">54<\/td><td class=\"column-2\">19.08.2023<\/td><td class=\"column-3\">23:01<\/td><td class=\"column-4\">TH \/ MANV<\/td><td class=\"column-5\"><a href=\"http:\/\/www.feuerwehr-damme.de\/?p=18391\">ELW2-Alarm (FF-Pressesprecher) \/ schwerer Verkehrsunfall - MANV - D\u00fcmmerlohausen<\/a><\/td>\n<\/tr>\n<tr class=\"row-56\">\n\t<td class=\"column-1\">55<\/td><td class=\"column-2\">28.08.2023<\/td><td class=\"column-3\">08:58<\/td><td class=\"column-4\">TH<\/td><td class=\"column-5\">Wasserrohrbruch \/ Keller unter Wasser, Gro\u00dfe Eschstra\u00dfe<\/td>\n<\/tr>\n<tr class=\"row-57\">\n\t<td class=\"column-1\">56<\/td><td class=\"column-2\">03.09.2023<\/td><td class=\"column-3\">07:30<\/td><td class=\"column-4\">TH<\/td><td class=\"column-5\">Absicherung Triathlon Heidesee<\/td>\n<\/tr>\n<tr class=\"row-58\">\n\t<td class=\"column-1\">57<\/td><td class=\"column-2\">04.09.2023<\/td><td class=\"column-3\">13:43<\/td><td class=\"column-4\">TH<\/td><td class=\"column-5\"><a href=\"https:\/\/feuerwehr-holdorf.de\/?p=6605\">schwerer Verkehrsunfall, A1 Rtg. HB<\/a><\/td>\n<\/tr>\n<tr class=\"row-59\">\n\t<td class=\"column-1\">58<\/td><td class=\"column-2\">05.09.2023<\/td><td class=\"column-3\">15:00<\/td><td class=\"column-4\">TH<\/td><td class=\"column-5\"><a href=\"https:\/\/feuerwehr-holdorf.de\/?p=6608\">schwerer Verkehrsunfall, B214<\/a><\/td>\n<\/tr>\n<tr class=\"row-60\">\n\t<td class=\"column-1\">59<\/td><td class=\"column-2\">06.09.2023<\/td><td class=\"column-3\">11:07<\/td><td class=\"column-4\">Fehl<\/td><td class=\"column-5\">Brandmeldeanlage, Industriegebiet<\/td>\n<\/tr>\n<tr class=\"row-61\">\n\t<td class=\"column-1\">60<\/td><td class=\"column-2\">09.09.2023<\/td><td class=\"column-3\">07:00<\/td><td class=\"column-4\">KFB<\/td><td class=\"column-5\"><a href=\"https:\/\/feuerwehr-holdorf.de\/?p=6621\">\u00dcbung der KFB, Waldbrand an der Th\u00fclsfelder Talsperre<\/a><\/td>\n<\/tr>\n<tr class=\"row-62\">\n\t<td class=\"column-1\">61<\/td><td class=\"column-2\">16.09.2023<\/td><td class=\"column-3\">20:43<\/td><td class=\"column-4\">Brand<\/td><td class=\"column-5\"><a href=\"https:\/\/feuerwehr-holdorf.de\/?p=6630\">Kleinbrand in K\u00fcche, Gro\u00dfe Stra\u00dfe<\/a><\/td>\n<\/tr>\n<tr class=\"row-63\">\n\t<td class=\"column-1\">62<\/td><td class=\"column-2\">23.09.2023<\/td><td class=\"column-3\">03:04<\/td><td class=\"column-4\">Fehl<\/td><td class=\"column-5\">Brandmeldeanlage, Industriegebiet<\/td>\n<\/tr>\n<tr class=\"row-64\">\n\t<td class=\"column-1\">63<\/td><td class=\"column-2\">23.09.2023<\/td><td class=\"column-3\">13:05<\/td><td class=\"column-4\">TH<\/td><td class=\"column-5\">Verkehrsunfall, A1<\/td>\n<\/tr>\n<tr class=\"row-65\">\n\t<td class=\"column-1\">64<\/td><td class=\"column-2\">25.09.2023<\/td><td class=\"column-3\">15:58<\/td><td class=\"column-4\">Brand<\/td><td class=\"column-5\">gemeldeter PKW-Brand, Rastanlage Dammer Berge \/ kein Eingreifen erforderlich<\/td>\n<\/tr>\n<tr class=\"row-66\">\n\t<td class=\"column-1\">65<\/td><td class=\"column-2\">03.10.2023<\/td><td class=\"column-3\">17:11<\/td><td class=\"column-4\">Brand<\/td><td class=\"column-5\"><a href=\"https:\/\/feuerwehr-holdorf.de\/?p=6651\">PKW-Brand nach VU, Ihorst<\/a><\/td>\n<\/tr>\n<tr class=\"row-67\">\n\t<td class=\"column-1\">66<\/td><td class=\"column-2\">12.10.2023<\/td><td class=\"column-3\">01:37<\/td><td class=\"column-4\">Fehl<\/td><td class=\"column-5\">Brandmeldeanlage, Industriegebiet<\/td>\n<\/tr>\n<tr class=\"row-68\">\n\t<td class=\"column-1\">67<\/td><td class=\"column-2\">18.10.2023<\/td><td class=\"column-3\">11:48<\/td><td class=\"column-4\">TH<\/td><td class=\"column-5\">Unterst\u00fctzung Rettungsdienst, Steinfelder Damm<\/td>\n<\/tr>\n<tr class=\"row-69\">\n\t<td class=\"column-1\">68<\/td><td class=\"column-2\">27.10.2023<\/td><td class=\"column-3\">01:13<\/td><td class=\"column-4\">Brand<\/td><td class=\"column-5\"><a href=\"https:\/\/feuerwehr-holdorf.de\/?p=6668\">Nachbarschaftl. L\u00f6schhilfe, Brand eines Stalls, Steinfeld<\/a><\/td>\n<\/tr>\n<tr class=\"row-70\">\n\t<td class=\"column-1\">69<\/td><td class=\"column-2\">30.10.2023<\/td><td class=\"column-3\">19:23<\/td><td class=\"column-4\">TH<\/td><td class=\"column-5\"><a href=\"https:\/\/feuerwehr-holdorf.de\/?p=6677\">Alarm\u00fcbung Verkehrsunfall, Wahlder Stra\u00dfe<\/a><\/td>\n<\/tr>\n<tr class=\"row-71\">\n\t<td class=\"column-1\">70<\/td><td class=\"column-2\">06.11.2023<\/td><td class=\"column-3\">17:30<\/td><td class=\"column-4\">TH<\/td><td class=\"column-5\">Absicherung Laternenumzug, Herbstkirmes Holdorf<\/td>\n<\/tr>\n<tr class=\"row-72\">\n\t<td class=\"column-1\">71<\/td><td class=\"column-2\">10.11.2023<\/td><td class=\"column-3\">04:58<\/td><td class=\"column-4\">Brand<\/td><td class=\"column-5\">Nachbarschaftliche L\u00f6schhilfe \/ Geb\u00e4udebrand Neuenkirchen (Wenstrup)<\/td>\n<\/tr>\n<tr class=\"row-73\">\n\t<td class=\"column-1\">72<\/td><td class=\"column-2\">11.11.2023<\/td><td class=\"column-3\">16:45<\/td><td class=\"column-4\">TH<\/td><td class=\"column-5\">Absicherung, Martinsumzug Langenberg<\/td>\n<\/tr>\n<tr class=\"row-74\">\n\t<td class=\"column-1\">73<\/td><td class=\"column-2\">12.11.2023<\/td><td class=\"column-3\">16:45<\/td><td class=\"column-4\">TH<\/td><td class=\"column-5\">Absicherung, Martinsumzug Holdorf<\/td>\n<\/tr>\n<tr class=\"row-75\">\n\t<td class=\"column-1\">74<\/td><td class=\"column-2\">13.11.2023<\/td><td class=\"column-3\">17:04<\/td><td class=\"column-4\">Brand<\/td><td class=\"column-5\">Schornsteinbrand, Fladderlohausen<\/td>\n<\/tr>\n<tr class=\"row-76\">\n\t<td class=\"column-1\">75<\/td><td class=\"column-2\">02.12.2023<\/td><td class=\"column-3\">09:26<\/td><td class=\"column-4\">TH<\/td><td class=\"column-5\">Dieselspur, Holdorf -> Damme<\/td>\n<\/tr>\n<tr class=\"row-77\">\n\t<td class=\"column-1\">76<\/td><td class=\"column-2\">27.12.2023<\/td><td class=\"column-3\">18:56<\/td><td class=\"column-4\">TH<\/td><td class=\"column-5\">Keller unter Wasser, Im Wiesengrund<\/td>\n<\/tr>\n<tr class=\"row-78\">\n\t<td class=\"column-1\">77<\/td><td class=\"column-2\">30.12.2023<\/td><td class=\"column-3\">09:16<\/td><td class=\"column-4\">TH<\/td><td class=\"column-5\"><a href=\"https:\/\/feuerwehr-holdorf.de\/?p=6752\">Unterst\u00fctzung Rettungsdienst, Scheelenhorst<\/a><\/td>\n<\/tr>\n<tr class=\"row-79\">\n\t<td class=\"column-1\">78<\/td><td class=\"column-2\">30.12.2023<\/td><td class=\"column-3\">15:32<\/td><td class=\"column-4\">Brand<\/td><td class=\"column-5\"><a href=\"https:\/\/feuerwehr-holdorf.de\/?p=6752\">Ausgel\u00f6ste BMA in Altenpflegeheim<\/a><\/td>\n<\/tr>\n<\/tbody>\n<\/table>\n<!-- #tablepress-36 from cache -->\n<p><em><strong>Erkl\u00e4rung:<br \/>\n<\/strong><\/em>BSW = Brandsicherheitswache<br \/>\nBrand = Brandeinsatz<br \/>\nTH = technische Hilfeleistung<br \/>\nFehl = Fehlalarm<br \/>\nKFB = Einsatz mit der Kreisfeuerwehrbereitschaft<br \/>\nMANV = Massenanfall von Veletzten<\/p>\n","protected":false},"excerpt":{"rendered":"<p>Erkl\u00e4rung: BSW = Brandsicherheitswache Brand = Brandeinsatz TH = technische Hilfeleistung Fehl = Fehlalarm KFB = Einsatz mit der Kreisfeuerwehrbereitschaft MANV = Massenanfall von Veletzten<\/p>\n","protected":false},"author":2,"featured_media":0,"parent":5399,"menu_order":0,"comment_status":"closed","ping_status":"closed","template":"","meta":{"ngg_post_thumbnail":0,"footnotes":""},"class_list":["post-6210","page","type-page","status-publish","hentry"],"_links":{"self":[{"href":"https:\/\/feuerwehr-holdorf.de\/index.php?rest_route=\/wp\/v2\/pages\/6210","targetHints":{"allow":["GET"]}}],"collection":[{"href":"https:\/\/feuerwehr-holdorf.de\/index.php?rest_route=\/wp\/v2\/pages"}],"about":[{"href":"https:\/\/feuerwehr-holdorf.de\/index.php?rest_route=\/wp\/v2\/types\/page"}],"author":[{"embeddable":true,"href":"https:\/\/feuerwehr-holdorf.de\/index.php?rest_route=\/wp\/v2\/users\/2"}],"replies":[{"embeddable":true,"href":"https:\/\/feuerwehr-holdorf.de\/index.php?rest_route=%2Fwp%2Fv2%2Fcomments&post=6210"}],"version-history":[{"count":1,"href":"https:\/\/feuerwehr-holdorf.de\/index.php?rest_route=\/wp\/v2\/pages\/6210\/revisions"}],"predecessor-version":[{"id":6211,"href":"https:\/\/feuerwehr-holdorf.de\/index.php?rest_route=\/wp\/v2\/pages\/6210\/revisions\/6211"}],"up":[{"embeddable":true,"href":"https:\/\/feuerwehr-holdorf.de\/index.php?rest_route=\/wp\/v2\/pages\/5399"}],"wp:attachment":[{"href":"https:\/\/feuerwehr-holdorf.de\/index.php?rest_route=%2Fwp%2Fv2%2Fmedia&parent=6210"}],"curies":[{"name":"wp","href":"https:\/\/api.w.org\/{rel}","templated":true}]}}