{"id":7229,"date":"2025-01-01T15:24:17","date_gmt":"2025-01-01T14:24:17","guid":{"rendered":"https:\/\/feuerwehr-holdorf.de\/?page_id=7229"},"modified":"2025-12-18T21:22:04","modified_gmt":"2025-12-18T20:22:04","slug":"einsaetze-ff-holdorf-2025","status":"publish","type":"page","link":"https:\/\/feuerwehr-holdorf.de\/?page_id=7229","title":{"rendered":"Eins\u00e4tze FF Holdorf 2025"},"content":{"rendered":"\n<table id=\"tablepress-39\" class=\"tablepress tablepress-id-39\">\n<thead>\n<tr class=\"row-1\">\n\t<th class=\"column-1\">Nr.<\/th><th class=\"column-2\">Datum<\/th><th class=\"column-3\">Zeit<\/th><th class=\"column-4\">Art<\/th><th class=\"column-5\">Einsatz<\/th>\n<\/tr>\n<\/thead>\n<tbody class=\"row-striping row-hover\">\n<tr class=\"row-2\">\n\t<td class=\"column-1\">01<\/td><td class=\"column-2\">03.01.2025<\/td><td class=\"column-3\">19:19<\/td><td class=\"column-4\">TH<\/td><td class=\"column-5\">Verkehrsunfall, Dinklager Stra\u00dfe<\/td>\n<\/tr>\n<tr class=\"row-3\">\n\t<td class=\"column-1\">02<\/td><td class=\"column-2\">06.01.2025<\/td><td class=\"column-3\">16:29<\/td><td class=\"column-4\">TH<\/td><td class=\"column-5\">Baum auf Fahrbahn, Ihorst<\/td>\n<\/tr>\n<tr class=\"row-4\">\n\t<td class=\"column-1\">03<\/td><td class=\"column-2\">20.01.2025<\/td><td class=\"column-3\">20:14<\/td><td class=\"column-4\">Brand<\/td><td class=\"column-5\">Containerbrand, Dammer Stra\u00dfe<\/td>\n<\/tr>\n<tr class=\"row-5\">\n\t<td class=\"column-1\">04<\/td><td class=\"column-2\">21.01.2025<\/td><td class=\"column-3\">07:49<\/td><td class=\"column-4\">Fehl<\/td><td class=\"column-5\">Brandmeldeanlage, Industriegebiet<\/td>\n<\/tr>\n<tr class=\"row-6\">\n\t<td class=\"column-1\">05<\/td><td class=\"column-2\">01.02.2025<\/td><td class=\"column-3\">13:28<\/td><td class=\"column-4\">Fehl<\/td><td class=\"column-5\">Brandmeldeanlage, Industriegebiet<\/td>\n<\/tr>\n<tr class=\"row-7\">\n\t<td class=\"column-1\">06<\/td><td class=\"column-2\">09.02.2025<\/td><td class=\"column-3\">17:45<\/td><td class=\"column-4\">Brand<\/td><td class=\"column-5\"><a href=\"https:\/\/feuerwehr-holdorf.de\/?p=7276\">Carport- &amp; PKW-Brand, Lorser Weg (Fladderlohausen)<\/a><\/td>\n<\/tr>\n<tr class=\"row-8\">\n\t<td class=\"column-1\">07<\/td><td class=\"column-2\">17.02.2025<\/td><td class=\"column-3\">23:08<\/td><td class=\"column-4\">Fehl<\/td><td class=\"column-5\">Brandmeldeanlage, Altenheim<\/td>\n<\/tr>\n<tr class=\"row-9\">\n\t<td class=\"column-1\">08<\/td><td class=\"column-2\">23.02.2025<\/td><td class=\"column-3\">11:00<\/td><td class=\"column-4\">BSW<\/td><td class=\"column-5\"><a href=\"https:\/\/feuerwehr-holdorf.de\/?p=7288\">Brandsicherheitswache, Carneval Damme<\/a><\/td>\n<\/tr>\n<tr class=\"row-10\">\n\t<td class=\"column-1\">09<\/td><td class=\"column-2\">24.02.2025<\/td><td class=\"column-3\">11:00<\/td><td class=\"column-4\">BSW<\/td><td class=\"column-5\"><a href=\"https:\/\/feuerwehr-holdorf.de\/?p=7288\">Brandsicherheitswache, Carneval Damme<\/a><\/td>\n<\/tr>\n<tr class=\"row-11\">\n\t<td class=\"column-1\">10<\/td><td class=\"column-2\">27.02.2025<\/td><td class=\"column-3\">00:46<\/td><td class=\"column-4\">Brand<\/td><td class=\"column-5\"><a href=\"https:\/\/feuerwehr-holdorf.de\/?p=7296\">ausgel\u00f6ste BMA - best\u00e4tigte Verrauchung, Industriegebiet<\/a><\/td>\n<\/tr>\n<tr class=\"row-12\">\n\t<td class=\"column-1\">11<\/td><td class=\"column-2\">04.03.2025<\/td><td class=\"column-3\">10:05<\/td><td class=\"column-4\">TH<\/td><td class=\"column-5\"><a href=\"https:\/\/feuerwehr-holdorf.de\/?p=7302\">schwerer Verkehrsunfall, A1 Rtg. Bremen<\/a><\/td>\n<\/tr>\n<tr class=\"row-13\">\n\t<td class=\"column-1\">12<\/td><td class=\"column-2\">05.03.2025<\/td><td class=\"column-3\">5:55<\/td><td class=\"column-4\">Brand<\/td><td class=\"column-5\"><a href=\"https:\/\/www.nwm-tv.de\/news\/news-anzeigen\/?news_id=21573\">ELW2-Alarm (FF-Pressesprecher), Brand in Dinklage<\/a><\/td>\n<\/tr>\n<tr class=\"row-14\">\n\t<td class=\"column-1\">13<\/td><td class=\"column-2\">05.03.2025<\/td><td class=\"column-3\">11:28<\/td><td class=\"column-4\">TH<\/td><td class=\"column-5\"><a href=\"https:\/\/www.nwm-tv.de\/news\/news-anzeigen\/?news_id=21575\">Gefahrguteinsatz, Lohne<\/a><\/td>\n<\/tr>\n<tr class=\"row-15\">\n\t<td class=\"column-1\">14<\/td><td class=\"column-2\">09.03.2025<\/td><td class=\"column-3\">14:03<\/td><td class=\"column-4\">TH<\/td><td class=\"column-5\"><a href=\"https:\/\/feuerwehr-holdorf.de\/?p=7331\">Austretendes Gas, Birkenallee<\/a><\/td>\n<\/tr>\n<tr class=\"row-16\">\n\t<td class=\"column-1\">15<\/td><td class=\"column-2\">26.03.2025<\/td><td class=\"column-3\">02:45<\/td><td class=\"column-4\">Brand<\/td><td class=\"column-5\"><a href=\"https:\/\/feuerwehr-holdorf.de\/?p=7339\">Garagenbrand, R\u00f6merring<\/a><\/td>\n<\/tr>\n<tr class=\"row-17\">\n\t<td class=\"column-1\">16<\/td><td class=\"column-2\">28.03.2025<\/td><td class=\"column-3\">13:45<\/td><td class=\"column-4\">TH<\/td><td class=\"column-5\"><a href=\"https:\/\/feuerwehr-langfoerden.de\/einsatzberichte\/gefahrguteinsatz-gift\/\">Gefahrguteinsatz, Langf\u00f6rden<\/a><\/td>\n<\/tr>\n<tr class=\"row-18\">\n\t<td class=\"column-1\">17<\/td><td class=\"column-2\">01.04.2025<\/td><td class=\"column-3\">18:08<\/td><td class=\"column-4\">TH<\/td><td class=\"column-5\"><a href=\"https:\/\/feuerwehr-holdorf.de\/?p=7356\">Schwerer LKW-Unfall, A1<\/a><\/td>\n<\/tr>\n<tr class=\"row-19\">\n\t<td class=\"column-1\">18<\/td><td class=\"column-2\">02.04.2025<\/td><td class=\"column-3\">13:51<\/td><td class=\"column-4\">Brand<\/td><td class=\"column-5\">Brand von D\u00e4mmmaterial, Neuenkirchener Str.<\/td>\n<\/tr>\n<tr class=\"row-20\">\n\t<td class=\"column-1\">19<\/td><td class=\"column-2\">17.04.2025<\/td><td class=\"column-3\">23:48<\/td><td class=\"column-4\">Brand<\/td><td class=\"column-5\">ausgel\u00f6ste BMA - best\u00e4tigte Verrauchung, Industriegebiet<\/td>\n<\/tr>\n<tr class=\"row-21\">\n\t<td class=\"column-1\">20<\/td><td class=\"column-2\">25.04.2025<\/td><td class=\"column-3\">11:30<\/td><td class=\"column-4\">TH<\/td><td class=\"column-5\">Verkehrsabsicherung, Sponsorenlauf GKS Holdorf<\/td>\n<\/tr>\n<tr class=\"row-22\">\n\t<td class=\"column-1\">21<\/td><td class=\"column-2\">25.04.2025<\/td><td class=\"column-3\">14:22<\/td><td class=\"column-4\">TH<\/td><td class=\"column-5\"><a href=\"https:\/\/feuerwehr-holdorf.de\/?p=7389\">Verkehrsunfall, Ihorst<\/a><\/td>\n<\/tr>\n<tr class=\"row-23\">\n\t<td class=\"column-1\">22<\/td><td class=\"column-2\">27.04.2025<\/td><td class=\"column-3\">18:15<\/td><td class=\"column-4\">TH<\/td><td class=\"column-5\"><a href=\"https:\/\/feuerwehr-holdorf.de\/?p=7397\">Verkehrsunfall, A1 Rtg. Bremen<\/a><\/td>\n<\/tr>\n<tr class=\"row-24\">\n\t<td class=\"column-1\">23<\/td><td class=\"column-2\">28.04.2025<\/td><td class=\"column-3\">10:53<\/td><td class=\"column-4\">Brand<\/td><td class=\"column-5\">Erneut aufgeflammtes Osterfeuer, Langenberg<\/td>\n<\/tr>\n<tr class=\"row-25\">\n\t<td class=\"column-1\">24<\/td><td class=\"column-2\">28.04.2025<\/td><td class=\"column-3\">14:30<\/td><td class=\"column-4\">TH<\/td><td class=\"column-5\">T\u00fcr\u00f6ffnung (kein Eingreifen erforderlich), Margeritenweg<\/td>\n<\/tr>\n<tr class=\"row-26\">\n\t<td class=\"column-1\">25<\/td><td class=\"column-2\">13.05.2025<\/td><td class=\"column-3\">12:15<\/td><td class=\"column-4\">TH<\/td><td class=\"column-5\">Gefahrguteinsatz (Austritt von Ammoniak), Bakum<\/td>\n<\/tr>\n<tr class=\"row-27\">\n\t<td class=\"column-1\">26<\/td><td class=\"column-2\">17.05.2025<\/td><td class=\"column-3\">23:07<\/td><td class=\"column-4\">Brand<\/td><td class=\"column-5\">M\u00fclltonnenbrand, Am Steinbrink<\/td>\n<\/tr>\n<tr class=\"row-28\">\n\t<td class=\"column-1\">27<\/td><td class=\"column-2\">21.05.2025<\/td><td class=\"column-3\">08:36<\/td><td class=\"column-4\">Brand<\/td><td class=\"column-5\"><a href=\"https:\/\/feuerwehr-holdorf.de\/?p=7459\">Waldbrand, Bultmannsh\u00f6he (Fladderlohausen)<\/a><\/td>\n<\/tr>\n<tr class=\"row-29\">\n\t<td class=\"column-1\">28<\/td><td class=\"column-2\">22.05.2025<\/td><td class=\"column-3\">11:55<\/td><td class=\"column-4\">Brand<\/td><td class=\"column-5\"><a href=\"https:\/\/feuerwehr-holdorf.de\/?p=7470\">Schwelbrand, Handorfer Stra\u00dfe<\/a><\/td>\n<\/tr>\n<tr class=\"row-30\">\n\t<td class=\"column-1\">29<\/td><td class=\"column-2\">25.05.2025<\/td><td class=\"column-3\">13:00<\/td><td class=\"column-4\">TH<\/td><td class=\"column-5\">Absicherung, Sch\u00fctzenfest Fladderlohausen<\/td>\n<\/tr>\n<tr class=\"row-31\">\n\t<td class=\"column-1\">30<\/td><td class=\"column-2\">25.05.2025<\/td><td class=\"column-3\">15:01<\/td><td class=\"column-4\">TH<\/td><td class=\"column-5\">Verkehrsunfall, A1 Rtg. Bremen<\/td>\n<\/tr>\n<tr class=\"row-32\">\n\t<td class=\"column-1\">31<\/td><td class=\"column-2\">26.05.2025<\/td><td class=\"column-3\">14:00<\/td><td class=\"column-4\">TH<\/td><td class=\"column-5\">Absicherung, Sch\u00fctzenfest Fladderlohausen<\/td>\n<\/tr>\n<tr class=\"row-33\">\n\t<td class=\"column-1\">32<\/td><td class=\"column-2\">04.06.2025<\/td><td class=\"column-3\">12:40<\/td><td class=\"column-4\">TH<\/td><td class=\"column-5\"><a href=\"https:\/\/feuerwehr-holdorf.de\/?p=7486\">Verkehrsunfall, Fladderlohausen<\/a><\/td>\n<\/tr>\n<tr class=\"row-34\">\n\t<td class=\"column-1\">33<\/td><td class=\"column-2\">07.06.2025<\/td><td class=\"column-3\">13:00<\/td><td class=\"column-4\">TH<\/td><td class=\"column-5\">Absicherung, Sch\u00fctzenfest Langenberg<\/td>\n<\/tr>\n<tr class=\"row-35\">\n\t<td class=\"column-1\">34<\/td><td class=\"column-2\">09.06.2025<\/td><td class=\"column-3\">03:51<\/td><td class=\"column-4\">TH<\/td><td class=\"column-5\">Personen im Aufzug, Gro\u00dfe Stra\u00dfe <\/td>\n<\/tr>\n<tr class=\"row-36\">\n\t<td class=\"column-1\">35<\/td><td class=\"column-2\">14.06.2025<\/td><td class=\"column-3\">06:40<\/td><td class=\"column-4\">Brand<\/td><td class=\"column-5\"><a href=\"https:\/\/feuerwehr-holdorf.de\/?p=7497\">gemeldeter PKW-Brand, A1 Rtg. Osnabr\u00fcck<\/a><\/td>\n<\/tr>\n<tr class=\"row-37\">\n\t<td class=\"column-1\">36<\/td><td class=\"column-2\">14.06.2025<\/td><td class=\"column-3\">10:40<\/td><td class=\"column-4\">TH<\/td><td class=\"column-5\"><a href=\"https:\/\/feuerwehr-holdorf.de\/?p=7497\">Verkehrsunfall, A1 Rtg. Bremen<\/a><\/td>\n<\/tr>\n<tr class=\"row-38\">\n\t<td class=\"column-1\">37<\/td><td class=\"column-2\">17.06.2025<\/td><td class=\"column-3\">10:42<\/td><td class=\"column-4\">TH<\/td><td class=\"column-5\">auslaufende Betriebsstoffe, Industriestra\u00dfe<\/td>\n<\/tr>\n<tr class=\"row-39\">\n\t<td class=\"column-1\">38<\/td><td class=\"column-2\">18.06.2025<\/td><td class=\"column-3\">12:10<\/td><td class=\"column-4\">Fehl<\/td><td class=\"column-5\">Brandmeldeanlage, Industriegebiet<\/td>\n<\/tr>\n<tr class=\"row-40\">\n\t<td class=\"column-1\">39<\/td><td class=\"column-2\">29.06.2025<\/td><td class=\"column-3\">02:00<\/td><td class=\"column-4\">TH<\/td><td class=\"column-5\">Wasser im Keller, Alter Schulplatz<\/td>\n<\/tr>\n<tr class=\"row-41\">\n\t<td class=\"column-1\">40<\/td><td class=\"column-2\">30.06.2025<\/td><td class=\"column-3\">18:47<\/td><td class=\"column-4\">Brand<\/td><td class=\"column-5\"><a href=\"https:\/\/feuerwehr-holdorf.de\/?p=7510\">PKW-Brand, A1 Rtg. Bremen<\/a><\/td>\n<\/tr>\n<tr class=\"row-42\">\n\t<td class=\"column-1\">41<\/td><td class=\"column-2\">01.07.2025<\/td><td class=\"column-3\">20:15<\/td><td class=\"column-4\">TH<\/td><td class=\"column-5\">Kontrolle Beh\u00e4ltnis aufgrund Hitzeeinwirkung, Industriegebiet<\/td>\n<\/tr>\n<tr class=\"row-43\">\n\t<td class=\"column-1\">42<\/td><td class=\"column-2\">02.07.2025<\/td><td class=\"column-3\">11:47<\/td><td class=\"column-4\">Brand<\/td><td class=\"column-5\"><a href=\"https:\/\/feuerwehr-holdorf.de\/?p=7514\">Feuer 4 - Waldbrand, Heideweg<\/a><\/td>\n<\/tr>\n<tr class=\"row-44\">\n\t<td class=\"column-1\">43<\/td><td class=\"column-2\">02.07.2025<\/td><td class=\"column-3\">13:35<\/td><td class=\"column-4\">Brand<\/td><td class=\"column-5\"><a href=\"https:\/\/feuerwehr-holdorf.de\/?p=7514\">Waldbrand, Heideweg<\/a><\/td>\n<\/tr>\n<tr class=\"row-45\">\n\t<td class=\"column-1\">44<\/td><td class=\"column-2\">02.07.2025<\/td><td class=\"column-3\">18:38<\/td><td class=\"column-4\">TH<\/td><td class=\"column-5\">Baum auf Fahrbahn, B214<\/td>\n<\/tr>\n<tr class=\"row-46\">\n\t<td class=\"column-1\">45<\/td><td class=\"column-2\">02.07.2025<\/td><td class=\"column-3\">18:57<\/td><td class=\"column-4\">TH<\/td><td class=\"column-5\">Baum auf Fahrbahn, B214<\/td>\n<\/tr>\n<tr class=\"row-47\">\n\t<td class=\"column-1\">46<\/td><td class=\"column-2\">02.07.2025<\/td><td class=\"column-3\">19:17<\/td><td class=\"column-4\">TH<\/td><td class=\"column-5\">Baum auf Fahrbahn, Badberger Stra\u00dfe<\/td>\n<\/tr>\n<tr class=\"row-48\">\n\t<td class=\"column-1\">47<\/td><td class=\"column-2\">02.07.2025<\/td><td class=\"column-3\">19:28<\/td><td class=\"column-4\">TH<\/td><td class=\"column-5\">Baum auf Fahrbahn, B214<\/td>\n<\/tr>\n<tr class=\"row-49\">\n\t<td class=\"column-1\">48<\/td><td class=\"column-2\">02.07.2025<\/td><td class=\"column-3\">20:46<\/td><td class=\"column-4\">TH<\/td><td class=\"column-5\">Baum auf Fahrbahn, Alte Bundesstra\u00dfe<\/td>\n<\/tr>\n<tr class=\"row-50\">\n\t<td class=\"column-1\">49<\/td><td class=\"column-2\">10.07.2025<\/td><td class=\"column-3\">16:28<\/td><td class=\"column-4\">TH<\/td><td class=\"column-5\">T\u00fcr\u00f6ffnung, Dammer Stra\u00dfe<\/td>\n<\/tr>\n<tr class=\"row-51\">\n\t<td class=\"column-1\">50<\/td><td class=\"column-2\">11.07.2025<\/td><td class=\"column-3\">09:17<\/td><td class=\"column-4\">Brand<\/td><td class=\"column-5\">Entstehungsbrand an LKW, Zum Hansa Center<\/td>\n<\/tr>\n<tr class=\"row-52\">\n\t<td class=\"column-1\">51<\/td><td class=\"column-2\">13.07.2025<\/td><td class=\"column-3\">19:10<\/td><td class=\"column-4\">Brand<\/td><td class=\"column-5\">Gemeldeter PKW-Brand, A1 Rtg. Bremen<\/td>\n<\/tr>\n<tr class=\"row-53\">\n\t<td class=\"column-1\">52<\/td><td class=\"column-2\">20.07.2025<\/td><td class=\"column-3\">12:45<\/td><td class=\"column-4\">TH<\/td><td class=\"column-5\">Absicherung, Sch\u00fctzenfest Holdorf<\/td>\n<\/tr>\n<tr class=\"row-54\">\n\t<td class=\"column-1\">53<\/td><td class=\"column-2\">21.07.2025<\/td><td class=\"column-3\">13:45<\/td><td class=\"column-4\">TH<\/td><td class=\"column-5\">Absicherung, Sch\u00fctzenfest Holdorf<\/td>\n<\/tr>\n<tr class=\"row-55\">\n\t<td class=\"column-1\">54<\/td><td class=\"column-2\">29.07.2025<\/td><td class=\"column-3\">07:46<\/td><td class=\"column-4\">Fehl<\/td><td class=\"column-5\">Brandmeldeanlage, Industriegebiet<\/td>\n<\/tr>\n<tr class=\"row-56\">\n\t<td class=\"column-1\">55<\/td><td class=\"column-2\">15.08.2025<\/td><td class=\"column-3\">18:47<\/td><td class=\"column-4\">Brand<\/td><td class=\"column-5\"><a href=\"https:\/\/feuerwehr-holdorf.de\/?p=7599\">PKW-Brand, A1 Rtg. Bremen<\/a><\/td>\n<\/tr>\n<tr class=\"row-57\">\n\t<td class=\"column-1\">56<\/td><td class=\"column-2\">27.08.2025<\/td><td class=\"column-3\">16:11<\/td><td class=\"column-4\">Brand<\/td><td class=\"column-5\">Vegetationsbrand, A1 Rtg. Bremen<\/td>\n<\/tr>\n<tr class=\"row-58\">\n\t<td class=\"column-1\">57<\/td><td class=\"column-2\">28.08.2025<\/td><td class=\"column-3\">11:30<\/td><td class=\"column-4\">Brand<\/td><td class=\"column-5\">Entstehungsbrand, Fallenriede<\/td>\n<\/tr>\n<tr class=\"row-59\">\n\t<td class=\"column-1\">58<\/td><td class=\"column-2\">30.08.2025<\/td><td class=\"column-3\">12:54<\/td><td class=\"column-4\">Brand<\/td><td class=\"column-5\"><a href=\"https:\/\/feuerwehr-holdorf.de\/?p=7635\">PKW-Brand, A1 Rtg. Bremen, Parkplatz Langwege<\/a><\/td>\n<\/tr>\n<tr class=\"row-60\">\n\t<td class=\"column-1\">59<\/td><td class=\"column-2\">31.08.2025<\/td><td class=\"column-3\">04:01<\/td><td class=\"column-4\">Brand<\/td><td class=\"column-5\"><a href=\"https:\/\/feuerwehr-holdorf.de\/?p=7639\">TAF-Unterst\u00fctzung bei Gro\u00dfbrand, Gemeinde Wangerland<\/a><\/td>\n<\/tr>\n<tr class=\"row-61\">\n\t<td class=\"column-1\">60<\/td><td class=\"column-2\">31.08.2025<\/td><td class=\"column-3\">04:33<\/td><td class=\"column-4\">Fehl<\/td><td class=\"column-5\">Brandmeldeanlage, Industriegebiet<\/td>\n<\/tr>\n<tr class=\"row-62\">\n\t<td class=\"column-1\">61<\/td><td class=\"column-2\">31.08.2025<\/td><td class=\"column-3\">13:11<\/td><td class=\"column-4\">TH<\/td><td class=\"column-5\"><a href=\"https:\/\/feuerwehr-holdorf.de\/?p=7639\">Verkehrsunfall, A1 Rtg. Bremen<\/a><\/td>\n<\/tr>\n<tr class=\"row-63\">\n\t<td class=\"column-1\">62<\/td><td class=\"column-2\">01.09.2025<\/td><td class=\"column-3\">15:03<\/td><td class=\"column-4\">TH \/ Brand<\/td><td class=\"column-5\"><a href=\"https:\/\/feuerwehr-holdorf.de\/?p=7656\">VU mit PKW-Brand, A1 Rtg. Bremen<\/a><\/td>\n<\/tr>\n<tr class=\"row-64\">\n\t<td class=\"column-1\">63<\/td><td class=\"column-2\">06.09.2025<\/td><td class=\"column-3\">10:45<\/td><td class=\"column-4\">KFB<\/td><td class=\"column-5\"><a href=\"https:\/\/www.kreisfeuerwehrverband-vechta.de\/?p=10372\">\u00dcbung der KFB, S\u00fcdlohne<\/a><\/td>\n<\/tr>\n<tr class=\"row-65\">\n\t<td class=\"column-1\">64<\/td><td class=\"column-2\">06.09.2025<\/td><td class=\"column-3\">11:41<\/td><td class=\"column-4\">Fehl<\/td><td class=\"column-5\">Brandmeldeanlage, Industriegebiet<\/td>\n<\/tr>\n<tr class=\"row-66\">\n\t<td class=\"column-1\">65<\/td><td class=\"column-2\">14.09.2025<\/td><td class=\"column-3\">08:30<\/td><td class=\"column-4\">TH<\/td><td class=\"column-5\">Absicherung Radstrecke, Triathlon Heidesee<\/td>\n<\/tr>\n<tr class=\"row-67\">\n\t<td class=\"column-1\">66<\/td><td class=\"column-2\">18.09.2025<\/td><td class=\"column-3\">11:16<\/td><td class=\"column-4\">Brand<\/td><td class=\"column-5\">Brand eines Baumes bzw. Morast, F\u00fcflage<\/td>\n<\/tr>\n<tr class=\"row-68\">\n\t<td class=\"column-1\">67<\/td><td class=\"column-2\">18.09.2025<\/td><td class=\"column-3\">12:57<\/td><td class=\"column-4\">TH<\/td><td class=\"column-5\">Verkehrsunfall, Dammer Stra\u00dfe<\/td>\n<\/tr>\n<tr class=\"row-69\">\n\t<td class=\"column-1\">68<\/td><td class=\"column-2\">23.09.2025<\/td><td class=\"column-3\">14:57<\/td><td class=\"column-4\">TH<\/td><td class=\"column-5\">T\u00fcr\u00f6ffnung, Heideweg<\/td>\n<\/tr>\n<tr class=\"row-70\">\n\t<td class=\"column-1\">69<\/td><td class=\"column-2\">27.09.2025<\/td><td class=\"column-3\">11:51<\/td><td class=\"column-4\">Fehl<\/td><td class=\"column-5\">Brandmeldeanlage, Grandorf<\/td>\n<\/tr>\n<tr class=\"row-71\">\n\t<td class=\"column-1\">70<\/td><td class=\"column-2\">04.10.2025<\/td><td class=\"column-3\">16:52<\/td><td class=\"column-4\">Fehl<\/td><td class=\"column-5\">Brandmeldeanlage, Industriegebiet<\/td>\n<\/tr>\n<tr class=\"row-72\">\n\t<td class=\"column-1\">71<\/td><td class=\"column-2\">26.10.2025<\/td><td class=\"column-3\">03:23<\/td><td class=\"column-4\">TH<\/td><td class=\"column-5\">Erkundung nach Ausl\u00f6sung CO-Melder, Handorfer Stra\u00dfe<\/td>\n<\/tr>\n<tr class=\"row-73\">\n\t<td class=\"column-1\">72<\/td><td class=\"column-2\">28.10.2025<\/td><td class=\"column-3\">10:43<\/td><td class=\"column-4\">Brand<\/td><td class=\"column-5\">Kontrolle nach technischem Defekt, Industriegebiet<\/td>\n<\/tr>\n<tr class=\"row-74\">\n\t<td class=\"column-1\">73<\/td><td class=\"column-2\">28.10.2025<\/td><td class=\"column-3\">10:45<\/td><td class=\"column-4\">Fehl<\/td><td class=\"column-5\">Brandmeldeanlage, Industriegebiet<\/td>\n<\/tr>\n<tr class=\"row-75\">\n\t<td class=\"column-1\">74<\/td><td class=\"column-2\">04.11.2025<\/td><td class=\"column-3\">08:43<\/td><td class=\"column-4\">TH<\/td><td class=\"column-5\">Unterst\u00fctzung Rettungsdienst, Roggenkamp<\/td>\n<\/tr>\n<tr class=\"row-76\">\n\t<td class=\"column-1\">75<\/td><td class=\"column-2\">08.11.2025<\/td><td class=\"column-3\">13:48<\/td><td class=\"column-4\">TH<\/td><td class=\"column-5\">\u00dcbung Gefahrgutzug, Visbek-Varnhorn<\/td>\n<\/tr>\n<tr class=\"row-77\">\n\t<td class=\"column-1\">76<\/td><td class=\"column-2\">10.11.2025<\/td><td class=\"column-3\">17:45<\/td><td class=\"column-4\">TH<\/td><td class=\"column-5\">Absicherung Laternenumzug Herbstkirmes<\/td>\n<\/tr>\n<tr class=\"row-78\">\n\t<td class=\"column-1\">77<\/td><td class=\"column-2\">11.11.2025<\/td><td class=\"column-3\">17:00<\/td><td class=\"column-4\">TH<\/td><td class=\"column-5\">Absicherung St.-Martin-Umzug, Langenberg<\/td>\n<\/tr>\n<tr class=\"row-79\">\n\t<td class=\"column-1\">78<\/td><td class=\"column-2\">16.11.2025<\/td><td class=\"column-3\">16:45<\/td><td class=\"column-4\">TH<\/td><td class=\"column-5\">Absicherung St.-Martin-Umzug, Holdorf<\/td>\n<\/tr>\n<tr class=\"row-80\">\n\t<td class=\"column-1\">79<\/td><td class=\"column-2\">19.11.2025<\/td><td class=\"column-3\">17:38<\/td><td class=\"column-4\">Brand<\/td><td class=\"column-5\"><a href=\"https:\/\/feuerwehr-holdorf.de\/?p=7724\">Nachbarschaftl. L\u00f6schhilfe - Carportbrand, Damme<\/a><\/td>\n<\/tr>\n<tr class=\"row-81\">\n\t<td class=\"column-1\">80<\/td><td class=\"column-2\">03.12.2025<\/td><td class=\"column-3\">00:41<\/td><td class=\"column-4\">TH<\/td><td class=\"column-5\">gemeldeter Gasgeruch, Dammer Str.<\/td>\n<\/tr>\n<tr class=\"row-82\">\n\t<td class=\"column-1\">81<\/td><td class=\"column-2\">04.12.2025<\/td><td class=\"column-3\">16:46<\/td><td class=\"column-4\">TH<\/td><td class=\"column-5\">T\u00fcr\u00f6ffnung, Ostring<\/td>\n<\/tr>\n<tr class=\"row-83\">\n\t<td class=\"column-1\">82<\/td><td class=\"column-2\">15.12.2025<\/td><td class=\"column-3\">07:39<\/td><td class=\"column-4\">Fehl<\/td><td class=\"column-5\">Brandmeldeanlage, Industriegebiet<\/td>\n<\/tr>\n<tr class=\"row-84\">\n\t<td class=\"column-1\">83<\/td><td class=\"column-2\">16.12.2025<\/td><td class=\"column-3\">19:03<\/td><td class=\"column-4\">Brand<\/td><td class=\"column-5\"><a href=\"https:\/\/feuerwehr-holdorf.de\/?p=7741\">Alarm\u00fcbung, Feuer 3, Rouen Kamp (Steinfeld)<\/a><\/td>\n<\/tr>\n<tr class=\"row-85\">\n\t<td class=\"column-1\">84<\/td><td class=\"column-2\">22.12.2025<\/td><td class=\"column-3\">20:48<\/td><td class=\"column-4\">TH<\/td><td class=\"column-5\"><a href=\"https:\/\/feuerwehr-holdorf.de\/?p=7785\">Verkehrsunfall, Gramker Stra\u00dfe<\/a><\/td>\n<\/tr>\n<\/tbody>\n<\/table>\n<!-- #tablepress-39 from cache -->\n<p><em><strong>Erkl\u00e4rung:<br \/>\n<\/strong><\/em>BSW = Brandsicherheitswache<br \/>\nBrand = Brandeinsatz<br \/>\nTH = technische Hilfeleistung<br \/>\nFehl = Fehlalarm<br \/>\nKFB = Einsatz mit der Kreisfeuerwehrbereitschaft<br \/>\nMANV = Massenanfall von Verletzten<\/p>\n","protected":false},"excerpt":{"rendered":"<p>Erkl\u00e4rung: BSW = Brandsicherheitswache Brand = Brandeinsatz TH = technische Hilfeleistung Fehl = Fehlalarm KFB = Einsatz mit der Kreisfeuerwehrbereitschaft MANV = Massenanfall von Verletzten<\/p>\n","protected":false},"author":2,"featured_media":0,"parent":5399,"menu_order":0,"comment_status":"closed","ping_status":"closed","template":"","meta":{"ngg_post_thumbnail":0,"footnotes":""},"class_list":["post-7229","page","type-page","status-publish","hentry"],"_links":{"self":[{"href":"https:\/\/feuerwehr-holdorf.de\/index.php?rest_route=\/wp\/v2\/pages\/7229","targetHints":{"allow":["GET"]}}],"collection":[{"href":"https:\/\/feuerwehr-holdorf.de\/index.php?rest_route=\/wp\/v2\/pages"}],"about":[{"href":"https:\/\/feuerwehr-holdorf.de\/index.php?rest_route=\/wp\/v2\/types\/page"}],"author":[{"embeddable":true,"href":"https:\/\/feuerwehr-holdorf.de\/index.php?rest_route=\/wp\/v2\/users\/2"}],"replies":[{"embeddable":true,"href":"https:\/\/feuerwehr-holdorf.de\/index.php?rest_route=%2Fwp%2Fv2%2Fcomments&post=7229"}],"version-history":[{"count":2,"href":"https:\/\/feuerwehr-holdorf.de\/index.php?rest_route=\/wp\/v2\/pages\/7229\/revisions"}],"predecessor-version":[{"id":7231,"href":"https:\/\/feuerwehr-holdorf.de\/index.php?rest_route=\/wp\/v2\/pages\/7229\/revisions\/7231"}],"up":[{"embeddable":true,"href":"https:\/\/feuerwehr-holdorf.de\/index.php?rest_route=\/wp\/v2\/pages\/5399"}],"wp:attachment":[{"href":"https:\/\/feuerwehr-holdorf.de\/index.php?rest_route=%2Fwp%2Fv2%2Fmedia&parent=7229"}],"curies":[{"name":"wp","href":"https:\/\/api.w.org\/{rel}","templated":true}]}}